{"id":7316,"date":"2026-07-24T14:19:49","date_gmt":"2026-07-24T13:19:49","guid":{"rendered":"https:\/\/snoeck.de\/?post_type=product&#038;p=7316"},"modified":"2026-08-15T18:01:55","modified_gmt":"2026-08-15T16:01:55","slug":"andrea-pichl-deutsch-deutsch","status":"publish","type":"product","link":"https:\/\/snoeck.de\/en\/shop\/andrea-pichl-deutsch-deutsch\/","title":{"rendered":"Andrea Pichl: deutsch deutsch"},"content":{"rendered":"<p><span style=\"font-size: 12.0pt; line-height: 107%;\">\u00bbMein erstes Anliegen war es, dass es hier weh tun muss, im Westen\u00ab, sagt die in Berlin lebende K\u00fcnstlerin Andrea Pichl (*1964 Haldensleben), am 28. April 2026 im SWR Radio Kultur, anl\u00e4sslich der Verleihung des Ernst Franz Vogelmann-Preises f\u00fcr Skulptur 2026. Erstmals geht die renommierte Auszeichnung damit an eine K\u00fcnstlerin, die in der DDR geboren und aufgewachsen ist. Andrea Pichl ist eine konzeptuelle Bildhauerin, d. h. sie recherchiert, dokumentiert und rekonstruiert, um in ihren Installationen architektonische Formelemente, Objekte, Alltagsgegenst\u00e4nde, Fotografien und Zeichnungen zu kombinieren. So er\u00f6ffnet sie ein Feld sich \u00fcberlagernder Geschichts- und Bedeutungsebenen, f\u00fcr die ihre biografische Pr\u00e4gung die Folie bildet. Ihr Interesse richtet sich insbesondere auf gebaute Umwelt, also Architekturen und standardisierte Bauformen, in die sich politische, soziale und historische Prozesse eingeschrieben haben. Das im Buch ausf\u00fchrlich dokumentierte Ausstellungsprojekt anl\u00e4sslich des Ernst Franz Vogelmann-Preises fokussiert das \u00bbkleine Gl\u00fcck\u00ab, das mit DDR-Gartenlauben, NS-Behelfsheimen und aktuellen Laubenh\u00e4uschen aus dem Baumarkt als \u00bbAusstellungsr\u00e4ume in der Ausstellung\u00ab inszeniert und mit Buntstiftzeichnungen, Fotografien und Objekten innerdeutschen Warenverkehrs ausgestattet ist. Bis 1989 gab es einen eifrigen, wechselseitigen Transfer von Kapital, Waren und Dienstleistungen zwischen den beiden deutschen Staaten. Die daraus resultierende gegenseitige Abh\u00e4ngigkeit r\u00fcckt Andrea Pichl mit harmlosen, \u00bbidyllischen\u00ab Landschaftsfotografien von Giftm\u00fclldeponien rund um Berlin ebenso ins rechte Licht wie die unter Zwang drangsalierte Produktion von Konsum- und Luxusg\u00fctern in DDR-Betrieben f\u00fcr westdeutsche Versandhausriesen. Daf\u00fcr gr\u00fcndeten staatliche Stellen in der DDR die KoKo (Kommerzielle Koordinierung), f\u00fcr die Alexander Schalck-Golodkowski von 1966\u20131989 ein perfides Ausbeutungs- und Devisenbeschaffungssystem perfektionierte, immer im Wissen seiner westdeutschen \u00bbHandels\u00ab- und politischen Partner. <\/span><span style=\"font-size: 12.0pt; line-height: 107%;\">Oder wie es Sven Beckstette in seiner Laudatio \u00bb\u2026 \u00fcberspitzt\u00ab, formulierte, \u00bbWohlstand made in GDR. Der Ausstellungstitel \u203adeutsch deutsch\u2039 ohne Bindestrich betont nicht die politische Trennung, sondern die gegenseitige Abh\u00e4ngigkeit der beiden Staaten. Nach dem Fall der Mauer wurden dann neue Billiglohnl\u00e4nder gesucht und gefunden. Dies zeigt uns ein Blick in den eigenen Kleiderschrank.\u00ab<\/span><\/p>\n<p>Exhibition:<br \/>\nKunsthalle Vogelmann \/ St\u00e4dtische Museen Heilbronn, 25\/4 \u2013 6\/9\/2026<\/p>","protected":false},"excerpt":{"rendered":"<p>Kat. Kunsthalle Vogelmann \/ St\u00e4dtische Museen Heilbronn<br \/>\nErnst Franz Vogelmann-Preis f\u00fcr Skulptur 2026<br \/>\nhrsg. von Marc Gundel mit Rita E. T\u00e4uber<br \/>\nTexte (dt.\/eng.) von Sven Beckstette, Doreen Mende, Carsten Probst, Vorwort von Marc Gundel, Texte1inleger von Rita E. T\u00e4uber<br \/>\n160 S. mit 120 farb. Abb., Format 28 x 21 cm, Hardcover<\/p>","protected":false},"featured_media":7319,"template":"","meta":[],"product_brand":[],"product_cat":[157,73],"product_tag":[],"class_list":["post-7316","product","type-product","status-publish","has-post-thumbnail","product_cat-157","product_cat-p","first","instock","taxable","shipping-taxable","purchasable","product-type-simple"],"aioseo_notices":[],"aioseo_head":"\n\t\t<!-- All in One SEO 5.0.1.1 - aioseo.com -->\n\t<meta name=\"description\" content=\"Kat. Kunsthalle Vogelmann \/ St\u00e4dtische Museen Heilbronn Ernst Franz Vogelmann-Preis f\u00fcr Skulptur 2026 hrsg. von Marc Gundel mit Rita E. T\u00e4uber Texte (dt.\/eng.) von Sven Beckstette, Doreen Mende, Carsten Probst, Vorwort von Marc Gundel, Texte1inleger von Rita E. T\u00e4uber 160 S. mit 120 farb. Abb., Format 28 x 21 cm, Hardcover\" \/>\n\t<meta name=\"robots\" content=\"max-image-preview:large\" \/>\n\t<link rel=\"canonical\" href=\"https:\/\/snoeck.de\/en\/shop\/andrea-pichl-deutsch-deutsch\/\" \/>\n\t<meta name=\"generator\" content=\"All in One SEO (AIOSEO) 5.0.1.1\" \/>\n\t\t<meta property=\"og:locale\" content=\"en_GB\" \/>\n\t\t<meta property=\"og:site_name\" content=\"SNOECK - Verlagsgesellschaft mbH\" \/>\n\t\t<meta property=\"og:type\" content=\"article\" \/>\n\t\t<meta property=\"og:title\" content=\"Andrea Pichl: deutsch deutsch - SNOECK\" \/>\n\t\t<meta property=\"og:description\" content=\"Kat. Kunsthalle Vogelmann \/ St\u00e4dtische Museen Heilbronn Ernst Franz Vogelmann-Preis f\u00fcr Skulptur 2026 hrsg. von Marc Gundel mit Rita E. T\u00e4uber Texte (dt.\/eng.) von Sven Beckstette, Doreen Mende, Carsten Probst, Vorwort von Marc Gundel, Texte1inleger von Rita E. T\u00e4uber 160 S. mit 120 farb. Abb., Format 28 x 21 cm, Hardcover\" \/>\n\t\t<meta property=\"og:url\" content=\"https:\/\/snoeck.de\/en\/shop\/andrea-pichl-deutsch-deutsch\/\" \/>\n\t\t<meta property=\"og:image\" content=\"https:\/\/snoeck.de\/wp-content\/uploads\/2025\/01\/snoeck.svg\" \/>\n\t\t<meta property=\"og:image:secure_url\" content=\"https:\/\/snoeck.de\/wp-content\/uploads\/2025\/01\/snoeck.svg\" \/>\n\t\t<meta property=\"og:image:width\" content=\"185\" \/>\n\t\t<meta property=\"og:image:height\" content=\"36\" \/>\n\t\t<meta property=\"article:published_time\" content=\"2026-07-24T13:19:49+00:00\" \/>\n\t\t<meta property=\"article:modified_time\" content=\"2026-08-15T16:01:55+00:00\" \/>\n\t\t<meta name=\"twitter:card\" content=\"summary_large_image\" \/>\n\t\t<meta name=\"twitter:title\" content=\"Andrea Pichl: deutsch deutsch - SNOECK\" \/>\n\t\t<meta name=\"twitter:description\" content=\"Kat. Kunsthalle Vogelmann \/ St\u00e4dtische Museen Heilbronn Ernst Franz Vogelmann-Preis f\u00fcr Skulptur 2026 hrsg. von Marc Gundel mit Rita E. T\u00e4uber Texte (dt.\/eng.) von Sven Beckstette, Doreen Mende, Carsten Probst, Vorwort von Marc Gundel, Texte1inleger von Rita E. T\u00e4uber 160 S. mit 120 farb. Abb., Format 28 x 21 cm, Hardcover\" \/>\n\t\t<meta name=\"twitter:image\" content=\"https:\/\/snoeck.de\/wp-content\/uploads\/2025\/01\/snoeck.svg\" \/>\n\t\t<script type=\"application\/ld+json\" class=\"aioseo-schema\">\n\t\t\t{\"@context\":\"https:\\\/\\\/schema.org\",\"@graph\":[{\"@type\":\"BreadcrumbList\",\"@id\":\"https:\\\/\\\/snoeck.de\\\/en\\\/shop\\\/andrea-pichl-deutsch-deutsch\\\/#breadcrumblist\",\"itemListElement\":[{\"@type\":\"ListItem\",\"@id\":\"https:\\\/\\\/snoeck.de\\\/en#listItem\",\"position\":1,\"name\":\"Home\",\"item\":\"https:\\\/\\\/snoeck.de\\\/en\",\"nextItem\":{\"@type\":\"ListItem\",\"@id\":\"https:\\\/\\\/snoeck.de\\\/en\\\/shop\\\/#listItem\",\"name\":\"Shop\"}},{\"@type\":\"ListItem\",\"@id\":\"https:\\\/\\\/snoeck.de\\\/en\\\/shop\\\/#listItem\",\"position\":2,\"name\":\"Shop\",\"item\":\"https:\\\/\\\/snoeck.de\\\/en\\\/shop\\\/\",\"nextItem\":{\"@type\":\"ListItem\",\"@id\":\"https:\\\/\\\/snoeck.de\\\/en\\\/produkt-kategorie\\\/p\\\/#listItem\",\"name\":\"P\"},\"previousItem\":{\"@type\":\"ListItem\",\"@id\":\"https:\\\/\\\/snoeck.de\\\/en#listItem\",\"name\":\"Home\"}},{\"@type\":\"ListItem\",\"@id\":\"https:\\\/\\\/snoeck.de\\\/en\\\/produkt-kategorie\\\/p\\\/#listItem\",\"position\":3,\"name\":\"P\",\"item\":\"https:\\\/\\\/snoeck.de\\\/en\\\/produkt-kategorie\\\/p\\\/\",\"nextItem\":{\"@type\":\"ListItem\",\"@id\":\"https:\\\/\\\/snoeck.de\\\/en\\\/shop\\\/andrea-pichl-deutsch-deutsch\\\/#listItem\",\"name\":\"Andrea Pichl: deutsch deutsch\"},\"previousItem\":{\"@type\":\"ListItem\",\"@id\":\"https:\\\/\\\/snoeck.de\\\/en\\\/shop\\\/#listItem\",\"name\":\"Shop\"}},{\"@type\":\"ListItem\",\"@id\":\"https:\\\/\\\/snoeck.de\\\/en\\\/shop\\\/andrea-pichl-deutsch-deutsch\\\/#listItem\",\"position\":4,\"name\":\"Andrea Pichl: deutsch deutsch\",\"previousItem\":{\"@type\":\"ListItem\",\"@id\":\"https:\\\/\\\/snoeck.de\\\/en\\\/produkt-kategorie\\\/p\\\/#listItem\",\"name\":\"P\"}}]},{\"@type\":\"ItemPage\",\"@id\":\"https:\\\/\\\/snoeck.de\\\/en\\\/shop\\\/andrea-pichl-deutsch-deutsch\\\/#itempage\",\"url\":\"https:\\\/\\\/snoeck.de\\\/en\\\/shop\\\/andrea-pichl-deutsch-deutsch\\\/\",\"name\":\"Andrea Pichl: deutsch deutsch - SNOECK\",\"description\":\"Kat. Kunsthalle Vogelmann \\\/ St\\u00e4dtische Museen Heilbronn Ernst Franz Vogelmann-Preis f\\u00fcr Skulptur 2026 hrsg. von Marc Gundel mit Rita E. T\\u00e4uber Texte (dt.\\\/eng.) von Sven Beckstette, Doreen Mende, Carsten Probst, Vorwort von Marc Gundel, Texte1inleger von Rita E. T\\u00e4uber 160 S. mit 120 farb. Abb., Format 28 x 21 cm, Hardcover\",\"inLanguage\":\"en-GB\",\"isPartOf\":{\"@id\":\"https:\\\/\\\/snoeck.de\\\/en\\\/#website\"},\"breadcrumb\":{\"@id\":\"https:\\\/\\\/snoeck.de\\\/en\\\/shop\\\/andrea-pichl-deutsch-deutsch\\\/#breadcrumblist\"},\"image\":{\"@type\":\"ImageObject\",\"url\":\"https:\\\/\\\/snoeck.de\\\/wp-content\\\/uploads\\\/2026\\\/07\\\/9783864424847.png\",\"@id\":\"https:\\\/\\\/snoeck.de\\\/en\\\/shop\\\/andrea-pichl-deutsch-deutsch\\\/#mainImage\",\"width\":800,\"height\":800},\"primaryImageOfPage\":{\"@id\":\"https:\\\/\\\/snoeck.de\\\/en\\\/shop\\\/andrea-pichl-deutsch-deutsch\\\/#mainImage\"},\"datePublished\":\"2026-07-24T14:19:49+02:00\",\"dateModified\":\"2026-08-15T18:01:55+02:00\"},{\"@type\":\"Organization\",\"@id\":\"https:\\\/\\\/snoeck.de\\\/en\\\/#organization\",\"name\":\"SNOECK\",\"description\":\"Der Snoeck Verlag mit Sitz in K\\u00f6ln ist auf hochwertige Publikationen im Bereich Kunst, Fotografie und Architektur spezialisiert. Mit pr\\u00e4ziser redaktioneller Arbeit und internationaler Ausrichtung entstehen Ausstellungskataloge, K\\u00fcnstlerb\\u00fccher und Monografien, die Ma\\u00dfst\\u00e4be setzen.\",\"url\":\"https:\\\/\\\/snoeck.de\\\/en\\\/\",\"email\":\"mail@snoek.de\",\"telephone\":\"+4915121942334\",\"logo\":{\"@type\":\"ImageObject\",\"url\":\"https:\\\/\\\/snoeck.de\\\/wp-content\\\/uploads\\\/2025\\\/01\\\/snoeck.svg\",\"@id\":\"https:\\\/\\\/snoeck.de\\\/en\\\/shop\\\/andrea-pichl-deutsch-deutsch\\\/#organizationLogo\",\"width\":185,\"height\":36},\"image\":{\"@id\":\"https:\\\/\\\/snoeck.de\\\/en\\\/shop\\\/andrea-pichl-deutsch-deutsch\\\/#organizationLogo\"},\"sameAs\":[\"https:\\\/\\\/instagram.com\\\/snoeck_verlagsgesellschaft\"]},{\"@type\":\"WebSite\",\"@id\":\"https:\\\/\\\/snoeck.de\\\/en\\\/#website\",\"url\":\"https:\\\/\\\/snoeck.de\\\/en\\\/\",\"name\":\"SNOECK\",\"description\":\"Verlagsgesellschaft mbH\",\"inLanguage\":\"en-GB\",\"publisher\":{\"@id\":\"https:\\\/\\\/snoeck.de\\\/en\\\/#organization\"}}]}\n\t\t<\/script>\n\t\t<!-- All in One SEO -->\n\n","aioseo_head_json":{"title":"Andrea Pichl: deutsch deutsch - SNOECK","description":"Kat. Kunsthalle Vogelmann \/ St\u00e4dtische Museen Heilbronn Ernst Franz Vogelmann-Preis f\u00fcr Skulptur 2026 hrsg. von Marc Gundel mit Rita E. T\u00e4uber Texte (dt.\/eng.) von Sven Beckstette, Doreen Mende, Carsten Probst, Vorwort von Marc Gundel, Texte1inleger von Rita E. T\u00e4uber 160 S. mit 120 farb. Abb., Format 28 x 21 cm, Hardcover","canonical_url":"https:\/\/snoeck.de\/en\/shop\/andrea-pichl-deutsch-deutsch\/","robots":"max-image-preview:large","keywords":"","webmasterTools":{"miscellaneous":""},"schema":{"@context":"https:\/\/schema.org","@graph":[{"@type":"BreadcrumbList","@id":"https:\/\/snoeck.de\/en\/shop\/andrea-pichl-deutsch-deutsch\/#breadcrumblist","itemListElement":[{"@type":"ListItem","@id":"https:\/\/snoeck.de\/en#listItem","position":1,"name":"Home","item":"https:\/\/snoeck.de\/en","nextItem":{"@type":"ListItem","@id":"https:\/\/snoeck.de\/en\/shop\/#listItem","name":"Shop"}},{"@type":"ListItem","@id":"https:\/\/snoeck.de\/en\/shop\/#listItem","position":2,"name":"Shop","item":"https:\/\/snoeck.de\/en\/shop\/","nextItem":{"@type":"ListItem","@id":"https:\/\/snoeck.de\/en\/produkt-kategorie\/p\/#listItem","name":"P"},"previousItem":{"@type":"ListItem","@id":"https:\/\/snoeck.de\/en#listItem","name":"Home"}},{"@type":"ListItem","@id":"https:\/\/snoeck.de\/en\/produkt-kategorie\/p\/#listItem","position":3,"name":"P","item":"https:\/\/snoeck.de\/en\/produkt-kategorie\/p\/","nextItem":{"@type":"ListItem","@id":"https:\/\/snoeck.de\/en\/shop\/andrea-pichl-deutsch-deutsch\/#listItem","name":"Andrea Pichl: deutsch deutsch"},"previousItem":{"@type":"ListItem","@id":"https:\/\/snoeck.de\/en\/shop\/#listItem","name":"Shop"}},{"@type":"ListItem","@id":"https:\/\/snoeck.de\/en\/shop\/andrea-pichl-deutsch-deutsch\/#listItem","position":4,"name":"Andrea Pichl: deutsch deutsch","previousItem":{"@type":"ListItem","@id":"https:\/\/snoeck.de\/en\/produkt-kategorie\/p\/#listItem","name":"P"}}]},{"@type":"ItemPage","@id":"https:\/\/snoeck.de\/en\/shop\/andrea-pichl-deutsch-deutsch\/#itempage","url":"https:\/\/snoeck.de\/en\/shop\/andrea-pichl-deutsch-deutsch\/","name":"Andrea Pichl: deutsch deutsch - SNOECK","description":"Kat. Kunsthalle Vogelmann \/ St\u00e4dtische Museen Heilbronn Ernst Franz Vogelmann-Preis f\u00fcr Skulptur 2026 hrsg. von Marc Gundel mit Rita E. T\u00e4uber Texte (dt.\/eng.) von Sven Beckstette, Doreen Mende, Carsten Probst, Vorwort von Marc Gundel, Texte1inleger von Rita E. T\u00e4uber 160 S. mit 120 farb. Abb., Format 28 x 21 cm, Hardcover","inLanguage":"en-GB","isPartOf":{"@id":"https:\/\/snoeck.de\/en\/#website"},"breadcrumb":{"@id":"https:\/\/snoeck.de\/en\/shop\/andrea-pichl-deutsch-deutsch\/#breadcrumblist"},"image":{"@type":"ImageObject","url":"https:\/\/snoeck.de\/wp-content\/uploads\/2026\/07\/9783864424847.png","@id":"https:\/\/snoeck.de\/en\/shop\/andrea-pichl-deutsch-deutsch\/#mainImage","width":800,"height":800},"primaryImageOfPage":{"@id":"https:\/\/snoeck.de\/en\/shop\/andrea-pichl-deutsch-deutsch\/#mainImage"},"datePublished":"2026-07-24T14:19:49+02:00","dateModified":"2026-08-15T18:01:55+02:00"},{"@type":"Organization","@id":"https:\/\/snoeck.de\/en\/#organization","name":"SNOECK","description":"Der Snoeck Verlag mit Sitz in K\u00f6ln ist auf hochwertige Publikationen im Bereich Kunst, Fotografie und Architektur spezialisiert. Mit pr\u00e4ziser redaktioneller Arbeit und internationaler Ausrichtung entstehen Ausstellungskataloge, K\u00fcnstlerb\u00fccher und Monografien, die Ma\u00dfst\u00e4be setzen.","url":"https:\/\/snoeck.de\/en\/","email":"mail@snoek.de","telephone":"+4915121942334","logo":{"@type":"ImageObject","url":"https:\/\/snoeck.de\/wp-content\/uploads\/2025\/01\/snoeck.svg","@id":"https:\/\/snoeck.de\/en\/shop\/andrea-pichl-deutsch-deutsch\/#organizationLogo","width":185,"height":36},"image":{"@id":"https:\/\/snoeck.de\/en\/shop\/andrea-pichl-deutsch-deutsch\/#organizationLogo"},"sameAs":["https:\/\/instagram.com\/snoeck_verlagsgesellschaft"]},{"@type":"WebSite","@id":"https:\/\/snoeck.de\/en\/#website","url":"https:\/\/snoeck.de\/en\/","name":"SNOECK","description":"Verlagsgesellschaft mbH","inLanguage":"en-GB","publisher":{"@id":"https:\/\/snoeck.de\/en\/#organization"}}]},"og:locale":"en_GB","og:site_name":"SNOECK - Verlagsgesellschaft mbH","og:type":"article","og:title":"Andrea Pichl: deutsch deutsch - SNOECK","og:description":"Kat. Kunsthalle Vogelmann \/ St\u00e4dtische Museen Heilbronn Ernst Franz Vogelmann-Preis f\u00fcr Skulptur 2026 hrsg. von Marc Gundel mit Rita E. T\u00e4uber Texte (dt.\/eng.) von Sven Beckstette, Doreen Mende, Carsten Probst, Vorwort von Marc Gundel, Texte1inleger von Rita E. T\u00e4uber 160 S. mit 120 farb. Abb., Format 28 x 21 cm, Hardcover","og:url":"https:\/\/snoeck.de\/en\/shop\/andrea-pichl-deutsch-deutsch\/","og:image":"https:\/\/snoeck.de\/wp-content\/uploads\/2025\/01\/snoeck.svg","og:image:secure_url":"https:\/\/snoeck.de\/wp-content\/uploads\/2025\/01\/snoeck.svg","og:image:width":185,"og:image:height":36,"article:published_time":"2026-07-24T13:19:49+00:00","article:modified_time":"2026-08-15T16:01:55+00:00","twitter:card":"summary_large_image","twitter:title":"Andrea Pichl: deutsch deutsch - SNOECK","twitter:description":"Kat. Kunsthalle Vogelmann \/ St\u00e4dtische Museen Heilbronn Ernst Franz Vogelmann-Preis f\u00fcr Skulptur 2026 hrsg. von Marc Gundel mit Rita E. T\u00e4uber Texte (dt.\/eng.) von Sven Beckstette, Doreen Mende, Carsten Probst, Vorwort von Marc Gundel, Texte1inleger von Rita E. T\u00e4uber 160 S. mit 120 farb. Abb., Format 28 x 21 cm, Hardcover","twitter:image":"https:\/\/snoeck.de\/wp-content\/uploads\/2025\/01\/snoeck.svg"},"aioseo_meta_data":{"post_id":"7316","title":null,"description":null,"keywords":null,"keyphrases":{"focus":{"keyphrase":"","score":0,"analysis":{"keyphraseInTitle":{"score":0,"maxScore":9,"error":1}}},"additional":[]},"primary_term":null,"canonical_url":null,"og_title":null,"og_description":null,"og_object_type":"default","og_image_type":"default","og_image_url":null,"og_image_width":null,"og_image_height":null,"og_image_custom_url":null,"og_image_custom_fields":null,"og_video":"","og_custom_url":null,"og_article_section":null,"og_article_tags":null,"twitter_use_og":false,"twitter_card":"default","twitter_image_type":"default","twitter_image_url":null,"twitter_image_custom_url":null,"twitter_image_custom_fields":null,"twitter_title":null,"twitter_description":null,"schema":{"blockGraphs":[],"customGraphs":[],"default":{"data":{"Article":[],"Course":[],"Dataset":[],"FAQPage":[],"Movie":[],"Person":[],"Product":[],"ProductReview":[],"Car":[],"Recipe":[],"Service":[],"SoftwareApplication":[],"WebPage":[]},"graphName":"ItemPage","isEnabled":true},"graphs":[]},"schema_type":"default","schema_type_options":null,"pillar_content":false,"robots_default":true,"robots_noindex":false,"robots_noarchive":false,"robots_nosnippet":false,"robots_nofollow":false,"robots_noimageindex":false,"robots_noodp":false,"robots_notranslate":false,"robots_max_snippet":"-1","robots_max_videopreview":"-1","robots_max_imagepreview":"large","priority":null,"frequency":"default","local_seo":null,"breadcrumb_settings":null,"limit_modified_date":false,"ai":{"faqs":[],"keyPoints":[],"schemas":[],"titles":[],"descriptions":[],"socialPosts":{"email":{"subject":"","preview":"","content":""},"linkedin":[],"twitter":[],"facebook":[],"instagram":[]}},"created":"2026-07-24 13:21:27","updated":"2026-08-15 16:48:18","seo_analyzer_scan_date":null,"focus_keyword":null,"additional_keywords":null,"truseo_locale":null},"aioseo_breadcrumb":"<div class=\"aioseo-breadcrumbs\"><span class=\"aioseo-breadcrumb\">\n\t\t\t<a href=\"https:\/\/snoeck.de\/en\" title=\"Home\">Home<\/a>\n\t\t<\/span><span class=\"aioseo-breadcrumb-separator\">&raquo;<\/span><span class=\"aioseo-breadcrumb\">\n\t\t\t<a href=\"https:\/\/snoeck.de\/en\/shop\/\" title=\"Shop\">Shop<\/a>\n\t\t<\/span><span class=\"aioseo-breadcrumb-separator\">&raquo;<\/span><span class=\"aioseo-breadcrumb\">\n\t\t\t<a href=\"https:\/\/snoeck.de\/en\/produkt-kategorie\/p\/\" title=\"P\">P<\/a>\n\t\t<\/span><span class=\"aioseo-breadcrumb-separator\">&raquo;<\/span><span class=\"aioseo-breadcrumb\">\n\t\t\tAndrea Pichl: deutsch deutsch\n\t\t<\/span><\/div>","aioseo_breadcrumb_json":[{"label":"Home","link":"https:\/\/snoeck.de\/en"},{"label":"Shop","link":"https:\/\/snoeck.de\/en\/shop\/"},{"label":"P","link":"https:\/\/snoeck.de\/en\/produkt-kategorie\/p\/"},{"label":"Andrea Pichl: deutsch deutsch","link":"https:\/\/snoeck.de\/en\/shop\/andrea-pichl-deutsch-deutsch\/"}],"_links":{"self":[{"href":"https:\/\/snoeck.de\/en\/wp-json\/wp\/v2\/product\/7316","targetHints":{"allow":["GET"]}}],"collection":[{"href":"https:\/\/snoeck.de\/en\/wp-json\/wp\/v2\/product"}],"about":[{"href":"https:\/\/snoeck.de\/en\/wp-json\/wp\/v2\/types\/product"}],"wp:featuredmedia":[{"embeddable":true,"href":"https:\/\/snoeck.de\/en\/wp-json\/wp\/v2\/media\/7319"}],"wp:attachment":[{"href":"https:\/\/snoeck.de\/en\/wp-json\/wp\/v2\/media?parent=7316"}],"wp:term":[{"taxonomy":"product_brand","embeddable":true,"href":"https:\/\/snoeck.de\/en\/wp-json\/wp\/v2\/product_brand?post=7316"},{"taxonomy":"product_cat","embeddable":true,"href":"https:\/\/snoeck.de\/en\/wp-json\/wp\/v2\/product_cat?post=7316"},{"taxonomy":"product_tag","embeddable":true,"href":"https:\/\/snoeck.de\/en\/wp-json\/wp\/v2\/product_tag?post=7316"}],"curies":[{"name":"wp","href":"https:\/\/api.w.org\/{rel}","templated":true}]}}