{"id":3639,"date":"2025-01-31T11:31:08","date_gmt":"2025-01-31T11:31:08","guid":{"rendered":"https:\/\/snoeck.process-vision.de\/shop\/die-kraefte-hinter-den-formen\/"},"modified":"2026-04-08T15:09:04","modified_gmt":"2026-04-08T14:09:04","slug":"die-kraefte-hinter-den-formen","status":"publish","type":"product","link":"https:\/\/snoeck.de\/es\/shop\/die-kraefte-hinter-den-formen\/","title":{"rendered":"Las fuerzas detr\u00e1s de los moldes"},"content":{"rendered":"<h3>Las fuerzas del Antropoceno<\/h3>\n<p>El poder de la imaginaci\u00f3n que reside en la visualizaci\u00f3n de los procesos naturales ha adquirido recientemente una renovada relevancia. El debate generalizado sobre si vivimos principalmente en un entorno creado por el hombre est\u00e1 aumentando nuestra conciencia sobre la naturaleza y las fuerzas que subyacen a sus fen\u00f3menos, as\u00ed como sobre los efectos de nuestras acciones en el medio ambiente. La exposici\u00f3n y el libro \"Las fuerzas detr\u00e1s de las formas\" -t\u00edtulo que se remonta al artista y ge\u00f3logo Per Kirkeby- est\u00e1n dedicados al examen de los procesos de la materia y la forma en el arte contempor\u00e1neo. Re\u00fanen obras que reflexionan sobre los procesos de creaci\u00f3n y las fuerzas de la forma en la naturaleza, los traducen a una forma art\u00edstica y exploran su relaci\u00f3n con el ser humano. Lo que las posturas art\u00edsticas tienen en com\u00fan es el entrelazamiento del impulso de explorar y la voluntad de formar. Los artistas desarrollan una geolog\u00eda de nuestro presente en objetos encontrados y nuevos conglomerados. Utilizan la historia geol\u00f3gica como espacio de pensamiento e imaginaci\u00f3n para explorar nuestra comprensi\u00f3n del tiempo y nuestra relaci\u00f3n con un entorno en constante cambio, y abordan las consecuencias de nuestro trato con la naturaleza, la materia y, en \u00faltima instancia, con nosotros mismos. No sin un componente humor\u00edstico, juegan con el anhelo de totalidad, con el impulso de querer comprender el mundo, con la reverencia por la creaci\u00f3n y la fe en el propio poder creativo.artistas:<br \/>\nJonathan Bragdon, Nina Canell, Julian Charri\u00e8re, Olafur Eliasson, Ilana Halperin, Roger Hiorns, Per Kirkeby, Katie Paterson, Giuseppe Penone, Jens Risch &amp; Guests, Hans Schabus, George Steinmann<\/p>\n<p>Exposiciones:<br \/>\nGaler\u00eda en el Taxispalais Innsbruck, 12\/12\/2015 - 28\/2\/2016<br \/>\nKunstmuseen Krefeld, Museos Haus Lange &amp; Haus Esters, 20\/3 - 7\/8\/2016<br \/>\nMuseo de Arte de Thun, 26\/8 - 20\/11\/2016<\/p>","protected":false},"excerpt":{"rendered":"<p>Cat\u00e1logo de la exposici\u00f3n, Galerie im Taxispalais Innsbruck, Kunstmuseen Krefeld\/Museen Haus Lange &amp; Haus Esters, Kunstmuseum Thun, editado por Beate Ermacora et al.<br \/>\nTextos (alem\u00e1n\/ingl\u00e9s) de Monika Bakke, Hartmut B\u00f6hme, Julia Brennacher, Beate Ermacora, Helen Hirsch, Magdaleny Holzhey, Lena Nievers, Thomas P\u00f6hler, Anja Seiler, Katrin Sperry, J\u00fcrgen Tabor<br \/>\n224 p. con 150 ilustraciones en color<br \/>\nFormato 27 x 19 cm, encuadernaci\u00f3n en tela gofrada<\/p>","protected":false},"featured_media":5052,"template":"","meta":[],"product_brand":[],"product_cat":[95],"product_tag":[],"class_list":{"0":"post-3639","1":"product","2":"type-product","3":"status-publish","4":"has-post-thumbnail","6":"product_cat-vergriffen","8":"first","9":"outofstock","10":"taxable","11":"shipping-taxable","12":"product-type-simple"},"aioseo_notices":[],"_wp_attached_file":null,"_wp_attachment_metadata":null,"_wc_attachment_source":null,"_elementor_inline_svg":null,"_elementor_is_screenshot":null,"_elementor_source_image_hash":null,"_source_url":null,"_wp_attachment_context":null,"_menu_item_type":null,"_menu_item_menu_item_parent":null,"_menu_item_object_id":null,"_menu_item_object":null,"_menu_item_target":null,"_menu_item_classes":null,"_menu_item_xfn":null,"_menu_item_url":null,"__elementor_forms_snapshot":null,"_unit":"","_unit_base":"","_unit_product":"","_unit_price_auto":"no","_unit_price_regular":"","_unit_price":"","_unit_price_sale":"","_sale_price_label":"","_sale_price_regular_label":"","_manufacturer_slug":"","_mini_desc":"","_defect_description":"","_safety_instructions":"","_allergen_ids":[],"_warranty_attachment_id":"","_safety_attachment_ids":[],"_min_age":"","_ts_gtin":"","_ts_mpn":"","_delivery_time_countries":[],"_free_shipping":"no","_service":"no","_photovoltaic_system":"no","_used_good":"no","_defective_copy":"no","_wireless_electronic_device":"no","_device_contains_power_supply":"no","_device_charging_supports_usb_pd":"no","_device_charging_watt_min":"0","_device_charging_watt_max":"0","_is_food":"no","_differential_taxation":"no","_gzd_version":"3.18.7","_hs_code":"","_customs_description":"","_manufacture_country":"0","_is_non_returnable":"no","_shipping_length":"","_shipping_width":"","_shipping_height":"","_sku":"ISBN 978-3-86442-171-6","_global_unique_id":"978-3-86442-171-6","_regular_price":null,"total_sales":"0","_tax_status":"taxable","_tax_class":"","_manage_stock":"no","_backorders":"no","_sold_individually":"no","_weight":"1","_virtual":"no","_downloadable":"no","_download_limit":"-1","_download_expiry":"-1","_stock":"","_stock_status":"outofstock","_wc_average_rating":"0","_wc_review_count":"0","_product_version":"10.1.4","_price":"","shopengine_product_views_count":"2986","_thumbnail_id":"5052","_product_attributes":{"erscheinungsdatum":{"name":"Fecha de publicaci\u00f3n","value":"23.02.2016","position":0,"is_visible":1,"is_variation":0,"is_taxonomy":0,"checkout_visible":0}},"_nutrient_ids":[],"_upsell_ids":null,"pswc_subtitle":null,"_default_delivery_time":null,"_wp_desired_post_slug":null,"_isbn":null,"pageType":null,"isExternalUrl":null,"pageId":null,"externalUrl":null,"hideCookieBanner":null,"isTargetBlank":null,"isProviderCurrentWebsite":null,"isEmbeddingOnlyExternalResources":null,"legalBasis":null,"dataProcessingInCountries":null,"dataProcessingInCountriesSpecialTreatments":null,"technicalDefinitions":null,"googleConsentModeConsentTypes":null,"executePriority":null,"executeCodeOptInWhenNoTagManagerConsentIsGiven":null,"executeCodeOptOutWhenNoTagManagerConsentIsGiven":null,"deleteTechnicalDefinitionsAfterOptOut":null,"presetId":null,"presetVersion":null,"provider":null,"providerContactPhone":null,"providerContactEmail":null,"providerContactLink":null,"uniqueName":null,"providerPrivacyPolicyUrl":null,"providerLegalNoticeUrl":null,"codeOptIn":null,"codeOptOut":null,"codeOnPageLoad":null,"language_code":null,"shopengine_template__post_meta__type":null,"shopengine_template__post_meta":null,"shopengine_template__post_meta__edit_with":null,"origin":null,"_enabled":null,"_filters":null,"_layout":null,"_elementor_import_session_id":null,"_wp_trash_meta_status":null,"_wp_trash_meta_time":null,"_edit_lock":"1743515116:2","_elementor_floating_elements_type":null,"_elementor_edit_mode":null,"_elementor_template_type":null,"tc-thumb-fld":{"_thumb_id":5052,"_thumb_type":"thumb"},"_wp_page_template":"default","_elementor_version":null,"_elementor_pro_version":null,"_elementor_page_settings":null,"_elementor_data":null,"_elementor_conditions":null,"_elementor_popup_display_settings":null,"_edit_last":"2","_elementor_template_sub_type":null,"_elementor_controls_usage":null,"_elementor_screenshot":null,"_elementor_css":null,"_elementor_page_assets":[],"_elementor_element_cache":null,"_elementor_screenshot_failed":null,"_elementor_source":null,"_wp_old_date":null,"layout_key":"","post_slider_check_key":"0","_links":{"self":[{"href":"https:\/\/snoeck.de\/es\/wp-json\/wp\/v2\/product\/3639","targetHints":{"allow":["GET"]}}],"collection":[{"href":"https:\/\/snoeck.de\/es\/wp-json\/wp\/v2\/product"}],"about":[{"href":"https:\/\/snoeck.de\/es\/wp-json\/wp\/v2\/types\/product"}],"wp:featuredmedia":[{"embeddable":true,"href":"https:\/\/snoeck.de\/es\/wp-json\/wp\/v2\/media\/5052"}],"wp:attachment":[{"href":"https:\/\/snoeck.de\/es\/wp-json\/wp\/v2\/media?parent=3639"}],"wp:term":[{"taxonomy":"product_brand","embeddable":true,"href":"https:\/\/snoeck.de\/es\/wp-json\/wp\/v2\/product_brand?post=3639"},{"taxonomy":"product_cat","embeddable":true,"href":"https:\/\/snoeck.de\/es\/wp-json\/wp\/v2\/product_cat?post=3639"},{"taxonomy":"product_tag","embeddable":true,"href":"https:\/\/snoeck.de\/es\/wp-json\/wp\/v2\/product_tag?post=3639"}],"curies":[{"name":"wp","href":"https:\/\/api.w.org\/{rel}","templated":true}]}}