{"id":3642,"date":"2025-01-31T11:31:10","date_gmt":"2025-01-31T11:31:10","guid":{"rendered":"https:\/\/snoeck.process-vision.de\/shop\/kunst-im-anthropozaen\/"},"modified":"2025-04-01T13:39:58","modified_gmt":"2025-04-01T13:39:58","slug":"kunst-im-anthropozaen","status":"publish","type":"product","link":"https:\/\/snoeck.de\/es\/shop\/kunst-im-anthropozaen\/","title":{"rendered":"Arte en el Antropoceno"},"content":{"rendered":"<h3>De Beuys al paisajismo, la exploraci\u00f3n de un concepto<\/h3>\n<p>El \"Antropoceno\" se mencion\u00f3 por primera vez en un contexto cient\u00edfico en 2000; desde 2007, una comisi\u00f3n geocient\u00edfica se dedica a la cuesti\u00f3n de si debe considerarse una nueva era geol\u00f3gica (tras el Holoceno). Desde la d\u00e9cada de 2010, la cuesti\u00f3n de una era geol\u00f3gica creada por el hombre se debate cada vez m\u00e1s y m\u00e1s ampliamente en las humanidades, los medios de comunicaci\u00f3n y las ciencias culturales. Como resultado, cada vez salen a la luz m\u00e1s consideraciones que utilizan el \"Antropoceno\" menos como una categor\u00eda hist\u00f3rica y m\u00e1s como una categor\u00eda sistem\u00e1tica y, de este modo, captan las relaciones funcionales dentro y fuera del g\u00e9nero con mayor precisi\u00f3n de lo que es posible con la ayuda de las dicotom\u00edas tradicionales (como naturaleza-cultura, sujeto-objeto). Y ese paso de las dicotom\u00edas a las relacionalidades, \u00bfno conlleva tambi\u00e9n importantes consecuencias pol\u00edticas y \u00e9ticas? Este volumen aborda este tema desde la perspectiva del arte, que desde hace tiempo -al menos desde mediados del siglo XX- se ocupa de las conexiones entre los modos de existencia humanos y no humanos como relaciones materiales, no lineales y din\u00e1micas. Fen\u00f3menos como las cat\u00e1strofes medioambientales y el deterioro del paisaje, el cambio clim\u00e1tico, las intervenciones biotecnol\u00f3gicas, los metabolismos naturales y sociales, los conceptos urban\u00edsticos y las infraestructuras t\u00e9cnicas, la arrogancia de las posibilidades humanas y las perspectivas posthumanistas, los procesos materiales y las \"fuerzas detr\u00e1s de las formas\" salen a la luz. Las contribuciones de este volumen despliegan un amplio espectro de temas que van desde artistas individuales (como Joseph Beuys, Pierre Huyghe, Lara Almarcegui) y proyectos curatoriales hasta BioArt y arquitectura del paisaje.<\/p>","protected":false},"excerpt":{"rendered":"<p>Editado para la Universidad Heinrich Heine de D\u00fcsseldorf por Timo Skrandies y Romina D\u00fcmler<br \/>\nTextos (alem\u00e1n) de Christof Baier, Ilka Brinkmann, Davide Brocchi, Svetlana Chernyshova, Hans Dickel, Romina D\u00fcmler y Alex Grein, Sabine Flach, Jens Hauser, Magdalena Holzhey, Anita Hosseini, Bettina Paust, Nina-Marie Sch\u00fcchter, Timo Skrandies<br \/>\n192 p. con 50 ilustraciones en color<br \/>\nFormato 27 x 19 cm, tapa blanda<\/p>","protected":false},"featured_media":5055,"template":"","meta":[],"product_brand":[],"product_cat":[87,58,68],"product_tag":[],"class_list":{"0":"post-3642","1":"product","2":"type-product","3":"status-publish","4":"has-post-thumbnail","6":"product_cat-87","7":"product_cat-a","8":"product_cat-k","10":"first","11":"instock","12":"taxable","13":"shipping-taxable","14":"purchasable","15":"product-type-simple"},"aioseo_notices":[],"_wp_attached_file":null,"_wp_attachment_metadata":null,"_wc_attachment_source":null,"_elementor_inline_svg":null,"_elementor_is_screenshot":null,"_elementor_source_image_hash":null,"_source_url":null,"_wp_attachment_context":null,"_menu_item_type":null,"_menu_item_menu_item_parent":null,"_menu_item_object_id":null,"_menu_item_object":null,"_menu_item_target":null,"_menu_item_classes":null,"_menu_item_xfn":null,"_menu_item_url":null,"__elementor_forms_snapshot":null,"_unit":"","_unit_base":"","_unit_product":"","_unit_price_auto":"no","_unit_price_regular":"","_unit_price":"","_unit_price_sale":"","_sale_price_label":"","_sale_price_regular_label":"","_manufacturer_slug":"","_mini_desc":"","_defect_description":"","_safety_instructions":"","_allergen_ids":[],"_warranty_attachment_id":"","_safety_attachment_ids":[],"_min_age":"","_ts_gtin":"","_ts_mpn":"","_delivery_time_countries":[],"_free_shipping":"no","_service":"no","_photovoltaic_system":"no","_used_good":"no","_defective_copy":"no","_wireless_electronic_device":"no","_device_contains_power_supply":"no","_device_charging_supports_usb_pd":"no","_device_charging_watt_min":"0","_device_charging_watt_max":"0","_is_food":"no","_differential_taxation":"no","_gzd_version":"3.18.7","_hs_code":"","_customs_description":"","_manufacture_country":"0","_is_non_returnable":"no","_shipping_length":"","_shipping_width":"","_shipping_height":"","_sku":"ISBN 978-3-86442-296-6","_global_unique_id":"978-3-86442-296-6","_regular_price":"39.8","total_sales":"1","_tax_status":"taxable","_tax_class":"","_manage_stock":"no","_backorders":"no","_sold_individually":"no","_weight":"1","_virtual":"no","_downloadable":"no","_download_limit":"-1","_download_expiry":"-1","_stock":"","_stock_status":"instock","_wc_average_rating":"0","_wc_review_count":"0","_product_version":"9.7.1","_price":"39.8","shopengine_product_views_count":"3527","_thumbnail_id":"5055","_product_attributes":{"erscheinungsdatum":{"name":"Fecha de publicaci\u00f3n","value":"25.01.2023","position":0,"is_visible":1,"is_variation":0,"is_taxonomy":0,"checkout_visible":0}},"_nutrient_ids":[],"_upsell_ids":null,"pswc_subtitle":null,"_default_delivery_time":null,"_wp_desired_post_slug":null,"_isbn":null,"pageType":null,"isExternalUrl":null,"pageId":null,"externalUrl":null,"hideCookieBanner":null,"isTargetBlank":null,"isProviderCurrentWebsite":null,"isEmbeddingOnlyExternalResources":null,"legalBasis":null,"dataProcessingInCountries":null,"dataProcessingInCountriesSpecialTreatments":null,"technicalDefinitions":null,"googleConsentModeConsentTypes":null,"executePriority":null,"executeCodeOptInWhenNoTagManagerConsentIsGiven":null,"executeCodeOptOutWhenNoTagManagerConsentIsGiven":null,"deleteTechnicalDefinitionsAfterOptOut":null,"presetId":null,"presetVersion":null,"provider":null,"providerContactPhone":null,"providerContactEmail":null,"providerContactLink":null,"uniqueName":null,"providerPrivacyPolicyUrl":null,"providerLegalNoticeUrl":null,"codeOptIn":null,"codeOptOut":null,"codeOnPageLoad":null,"language_code":null,"shopengine_template__post_meta__type":null,"shopengine_template__post_meta":null,"shopengine_template__post_meta__edit_with":null,"origin":null,"_enabled":null,"_filters":null,"_layout":null,"_elementor_import_session_id":null,"_wp_trash_meta_status":null,"_wp_trash_meta_time":null,"_edit_lock":"1743514660:2","_elementor_floating_elements_type":null,"_elementor_edit_mode":null,"_elementor_template_type":null,"tc-thumb-fld":{"_thumb_id":5055,"_thumb_type":"thumb"},"_wp_page_template":"default","_elementor_version":null,"_elementor_pro_version":null,"_elementor_page_settings":null,"_elementor_data":null,"_elementor_conditions":null,"_elementor_popup_display_settings":null,"_edit_last":"2","_elementor_template_sub_type":null,"_elementor_controls_usage":null,"_elementor_screenshot":null,"_elementor_css":null,"_elementor_page_assets":[],"_elementor_element_cache":null,"_elementor_screenshot_failed":null,"_elementor_source":null,"_wp_old_date":null,"layout_key":"","post_slider_check_key":"0","_links":{"self":[{"href":"https:\/\/snoeck.de\/es\/wp-json\/wp\/v2\/product\/3642","targetHints":{"allow":["GET"]}}],"collection":[{"href":"https:\/\/snoeck.de\/es\/wp-json\/wp\/v2\/product"}],"about":[{"href":"https:\/\/snoeck.de\/es\/wp-json\/wp\/v2\/types\/product"}],"wp:featuredmedia":[{"embeddable":true,"href":"https:\/\/snoeck.de\/es\/wp-json\/wp\/v2\/media\/5055"}],"wp:attachment":[{"href":"https:\/\/snoeck.de\/es\/wp-json\/wp\/v2\/media?parent=3642"}],"wp:term":[{"taxonomy":"product_brand","embeddable":true,"href":"https:\/\/snoeck.de\/es\/wp-json\/wp\/v2\/product_brand?post=3642"},{"taxonomy":"product_cat","embeddable":true,"href":"https:\/\/snoeck.de\/es\/wp-json\/wp\/v2\/product_cat?post=3642"},{"taxonomy":"product_tag","embeddable":true,"href":"https:\/\/snoeck.de\/es\/wp-json\/wp\/v2\/product_tag?post=3642"}],"curies":[{"name":"wp","href":"https:\/\/api.w.org\/{rel}","templated":true}]}}