{"id":3678,"date":"2025-01-31T11:31:30","date_gmt":"2025-01-31T11:31:30","guid":{"rendered":"https:\/\/snoeck.process-vision.de\/shop\/the-mother-position\/"},"modified":"2025-04-01T11:58:44","modified_gmt":"2025-04-01T11:58:44","slug":"the-mother-position","status":"publish","type":"product","link":"https:\/\/snoeck.de\/es\/shop\/the-mother-position\/","title":{"rendered":"La posici\u00f3n de la madre"},"content":{"rendered":"<h3>El poder de la relaci\u00f3n de objeto<\/h3>\n<p>La relaci\u00f3n entre madre e hijo o entre cuidador y beb\u00e9 se representa tradicionalmente en las artes visuales como una fusi\u00f3n simbi\u00f3tica. V\u00e9anse, por ejemplo, los retratos de la Virgen Mar\u00eda realizados por Rafael. Sin embargo, esta exposici\u00f3n -inspirada en la psicoanalista inglesa Melanie Klein- aborda de forma diferente esas \"relaciones objetales\" de la primera infancia que caracterizan nuestra relaci\u00f3n con otras personas a lo largo de toda la vida. Adem\u00e1s de amor y afecto, el v\u00ednculo entre un ni\u00f1o peque\u00f1o y su madre o cuidadora se caracteriza tambi\u00e9n por la agresividad, la ambivalencia y las fantas\u00edas de miedo, seg\u00fan Klein. \"La posici\u00f3n de la madre\" re\u00fane obras art\u00edsticas en las que se revelan y negocian los complejos abismos de esta relaci\u00f3n objetal. Tambi\u00e9n resuenan las consecuencias a largo plazo de esta relaci\u00f3n paradigm\u00e1tica. Precisamente porque ninguna pr\u00e1ctica art\u00edstica puede prescindir de una referencia a los objetos, merece la pena examinar las fantas\u00edas objetuales, igualmente libidinosas y destructivas. El hecho de que los malos sentimientos, las divisiones y las distorsiones unilaterales desempe\u00f1en un papel decisivo en las interacciones sociales de la sociedad actual no se debe, por tanto, \u00fanicamente a la tan cacareada \"polarizaci\u00f3n\" o a los medios sociales. M\u00e1s bien, \"The Mother Position\" demuestra que nuestras relaciones con los dem\u00e1s son tambi\u00e9n expresi\u00f3n de una vida ps\u00edquica interior que se proyecta hacia el exterior (mientras que los acontecimientos externos se introyectan). La exposici\u00f3n se ocupa menos de la maternidad en sentido estricto que de una posici\u00f3n ps\u00edquica y sus relaciones objetales que comienzan en la primera infancia. Seg\u00fan Klein, adoptamos esta posici\u00f3n una y otra vez a lo largo de nuestra vida. Adem\u00e1s, es una posici\u00f3n -y \u00e9ste es el argumento central de \"La posici\u00f3n materna\"- que tambi\u00e9n caracteriza la relaci\u00f3n de los artistas con sus objetos y que, en ocasiones, incluso aparece en ellos. (Isabelle Graw en su texto \"El poder de la relaci\u00f3n objetual\")<\/p>\n<p>Exposici\u00f3n:<br \/>\nCFA Bellas Artes Contempor\u00e1neas, Basilea, 31\/8 - 26\/10\/2024<\/p>","protected":false},"excerpt":{"rendered":"<p>Cat\u00e1logo de la exposici\u00f3n, Contemporary Fine Arts CFA Basel, editado por Bruno Brunnet y Nicole Hackert<br \/>\nComisariada y con textos (alem\u00e1n\/ingl\u00e9s) de Isabelle Graw<br \/>\n40 p. con 14 ilustraciones en color<br \/>\nFormato 28 x 20 cm, folleto grapado<\/p>","protected":false},"featured_media":5094,"template":"","meta":[],"product_brand":[],"product_cat":[88,70,73,77],"product_tag":[],"class_list":{"0":"post-3678","1":"product","2":"type-product","3":"status-publish","4":"has-post-thumbnail","6":"product_cat-88","7":"product_cat-m","8":"product_cat-p","9":"product_cat-t","11":"first","12":"instock","13":"taxable","14":"shipping-taxable","15":"purchasable","16":"product-type-simple"},"aioseo_notices":[],"_wp_attached_file":null,"_wp_attachment_metadata":null,"_wc_attachment_source":null,"_elementor_inline_svg":null,"_elementor_is_screenshot":null,"_elementor_source_image_hash":null,"_source_url":null,"_wp_attachment_context":null,"_menu_item_type":null,"_menu_item_menu_item_parent":null,"_menu_item_object_id":null,"_menu_item_object":null,"_menu_item_target":null,"_menu_item_classes":null,"_menu_item_xfn":null,"_menu_item_url":null,"__elementor_forms_snapshot":null,"_unit":"","_unit_base":"","_unit_product":"","_unit_price_auto":"no","_unit_price_regular":"","_unit_price":"","_unit_price_sale":"","_sale_price_label":"","_sale_price_regular_label":"","_manufacturer_slug":"","_mini_desc":"","_defect_description":"","_safety_instructions":"","_allergen_ids":[],"_warranty_attachment_id":"","_safety_attachment_ids":[],"_min_age":"","_ts_gtin":"","_ts_mpn":"","_delivery_time_countries":[],"_free_shipping":"no","_service":"no","_photovoltaic_system":"no","_used_good":"no","_defective_copy":"no","_wireless_electronic_device":"no","_device_contains_power_supply":"no","_device_charging_supports_usb_pd":"no","_device_charging_watt_min":"0","_device_charging_watt_max":"0","_is_food":"no","_differential_taxation":"no","_gzd_version":"3.18.7","_hs_code":"","_customs_description":"","_manufacture_country":"0","_is_non_returnable":"no","_shipping_length":"","_shipping_width":"","_shipping_height":"","_sku":"ISBN 978-3-86442-450-2","_global_unique_id":"978-3-86442-450-2","_regular_price":"19.8","total_sales":"0","_tax_status":"taxable","_tax_class":"","_manage_stock":"no","_backorders":"no","_sold_individually":"no","_weight":"1","_virtual":"no","_downloadable":"no","_download_limit":"-1","_download_expiry":"-1","_stock":"","_stock_status":"instock","_wc_average_rating":"0","_wc_review_count":"0","_product_version":"9.7.1","_price":"19.8","shopengine_product_views_count":"3169","_thumbnail_id":"5094","_product_attributes":{"erscheinungsdatum":{"name":"Fecha de publicaci\u00f3n","value":"11.09.2024","position":0,"is_visible":1,"is_variation":0,"is_taxonomy":0,"checkout_visible":0}},"_nutrient_ids":[],"_upsell_ids":null,"pswc_subtitle":null,"_default_delivery_time":null,"_wp_desired_post_slug":null,"_isbn":null,"pageType":null,"isExternalUrl":null,"pageId":null,"externalUrl":null,"hideCookieBanner":null,"isTargetBlank":null,"isProviderCurrentWebsite":null,"isEmbeddingOnlyExternalResources":null,"legalBasis":null,"dataProcessingInCountries":null,"dataProcessingInCountriesSpecialTreatments":null,"technicalDefinitions":null,"googleConsentModeConsentTypes":null,"executePriority":null,"executeCodeOptInWhenNoTagManagerConsentIsGiven":null,"executeCodeOptOutWhenNoTagManagerConsentIsGiven":null,"deleteTechnicalDefinitionsAfterOptOut":null,"presetId":null,"presetVersion":null,"provider":null,"providerContactPhone":null,"providerContactEmail":null,"providerContactLink":null,"uniqueName":null,"providerPrivacyPolicyUrl":null,"providerLegalNoticeUrl":null,"codeOptIn":null,"codeOptOut":null,"codeOnPageLoad":null,"language_code":null,"shopengine_template__post_meta__type":null,"shopengine_template__post_meta":null,"shopengine_template__post_meta__edit_with":null,"origin":null,"_enabled":null,"_filters":null,"_layout":null,"_elementor_import_session_id":null,"_wp_trash_meta_status":null,"_wp_trash_meta_time":null,"_edit_lock":"1743508584:2","_elementor_floating_elements_type":null,"_elementor_edit_mode":null,"_elementor_template_type":null,"tc-thumb-fld":{"_thumb_id":5094,"_thumb_type":"thumb"},"_wp_page_template":"default","_elementor_version":null,"_elementor_pro_version":null,"_elementor_page_settings":null,"_elementor_data":null,"_elementor_conditions":null,"_elementor_popup_display_settings":null,"_edit_last":"2","_elementor_template_sub_type":null,"_elementor_controls_usage":null,"_elementor_screenshot":null,"_elementor_css":null,"_elementor_page_assets":[],"_elementor_element_cache":null,"_elementor_screenshot_failed":null,"_elementor_source":null,"_wp_old_date":null,"layout_key":"","post_slider_check_key":"0","_links":{"self":[{"href":"https:\/\/snoeck.de\/es\/wp-json\/wp\/v2\/product\/3678","targetHints":{"allow":["GET"]}}],"collection":[{"href":"https:\/\/snoeck.de\/es\/wp-json\/wp\/v2\/product"}],"about":[{"href":"https:\/\/snoeck.de\/es\/wp-json\/wp\/v2\/types\/product"}],"wp:featuredmedia":[{"embeddable":true,"href":"https:\/\/snoeck.de\/es\/wp-json\/wp\/v2\/media\/5094"}],"wp:attachment":[{"href":"https:\/\/snoeck.de\/es\/wp-json\/wp\/v2\/media?parent=3678"}],"wp:term":[{"taxonomy":"product_brand","embeddable":true,"href":"https:\/\/snoeck.de\/es\/wp-json\/wp\/v2\/product_brand?post=3678"},{"taxonomy":"product_cat","embeddable":true,"href":"https:\/\/snoeck.de\/es\/wp-json\/wp\/v2\/product_cat?post=3678"},{"taxonomy":"product_tag","embeddable":true,"href":"https:\/\/snoeck.de\/es\/wp-json\/wp\/v2\/product_tag?post=3678"}],"curies":[{"name":"wp","href":"https:\/\/api.w.org\/{rel}","templated":true}]}}