{"id":3684,"date":"2025-01-31T11:31:33","date_gmt":"2025-01-31T11:31:33","guid":{"rendered":"https:\/\/snoeck.process-vision.de\/shop\/neue-sachlichkeit\/"},"modified":"2026-04-08T15:28:03","modified_gmt":"2026-04-08T14:28:03","slug":"neue-sachlichkeit","status":"publish","type":"product","link":"https:\/\/snoeck.de\/es\/shop\/neue-sachlichkeit\/","title":{"rendered":"Nueva objetividad"},"content":{"rendered":"<h3>\"\u00a1Tengo que pintarte! Tengo que hacerlo\".<\/h3>\n<p>Eso le dijo Otto Dix a Sylvia von Harden cuando se la encontr\u00f3 por la calle. \"\u00a1Representas toda una \u00e9poca!\". La \"Nueva Mujer\" de los a\u00f1os veinte se hab\u00eda despojado de las pesadas prendas que pesaban sobre la generaci\u00f3n de sus madres, las hab\u00eda sustituido por un cigarrillo y un alegre corte recto, y ya se hab\u00eda convertido en su propio mito. Esta fl\u00e2neuse, que buscaba el \u00faltimo abrigo o su propio reflejo en los escaparates de los grandes almacenes, se convirti\u00f3 r\u00e1pidamente en el ep\u00edtome del consumismo y la vanidad. Aunque el movimiento art\u00edstico y literario de la \u00e9poca, la Nueva Objetividad, dirigi\u00f3 su mirada desilusionada y posvanguardista hacia las condiciones pol\u00edticas y sociales cotidianas de la Rep\u00fablica de Weimar y dio la espalda al sentimentalismo y la interioridad representados por el Expresionismo, la imagen de la \"Nueva Mujer\" sigui\u00f3 siendo m\u00e1s un clich\u00e9 que un reflejo de la vida cotidiana femenina. Esta iconograf\u00eda osificada, en gran parte creada por los medios de comunicaci\u00f3n, fue escudri\u00f1ada y explorada en sus m\u00faltiples facetas por las artistas y escritoras de la \u00e9poca. Sin duda, \"la Nueva Mujer de la Rep\u00fablica de Weimar no existi\u00f3, pero hubo muchas Nuevas Mujeres\". Sin embargo, hasta hace poco la mayor\u00eda de ellas estaban olvidadas, ignoradas por la historia del arte. 100 a\u00f1os despu\u00e9s, mucho ha cambiado, pero tambi\u00e9n mucho sigue igual. El impulso para esta exposici\u00f3n surgi\u00f3 de la percepci\u00f3n de un exceso mundial de pintura figurativa en los \u00faltimos a\u00f1os. En medio del fen\u00f3meno omnipresente de la imagen digital, los artistas contempor\u00e1neos de esta exposici\u00f3n revisan los conceptos de objetividad y facticidad a trav\u00e9s de sus diferentes percepciones de la figuraci\u00f3n y la representaci\u00f3n. En una \u00e9poca en la que la fl\u00e2neuse ya no existe y el scrolluse ocupa su lugar -en la que el mundo se despliega bajo la punta de nuestros dedos-, lo real y lo surrealista se entremezclan inevitablemente.<\/p>\n<p>Artistas femeninas:<br \/>\nJagoda Bednarski, Genesis Belanger, Ellen Berkenblit, Francesca Facciola, Tanya Merrill, Sophie Reinhold, Dana Schutz, Katja Seib, Emily Mae Smith<\/p>\n<p>Exposici\u00f3n:<br \/>\nCFA Bellas Artes Contempor\u00e1neas de Berl\u00edn, 10\/6 - 17\/7\/2021<\/p>","protected":false},"excerpt":{"rendered":"<p>Cat\u00e1logo de la exposici\u00f3n, Contemporary Fine Arts CFA Berl\u00edn, editado por Bruno Brunnet y Nicole Hackert<br \/>\nTexto (alem\u00e1n\/ingl\u00e9s) de Dana \u017daja<br \/>\n32 p. con 42 ilustraciones en color<br \/>\nFormato 28 x 20 cm, folleto grapado<\/p>","protected":false},"featured_media":5100,"template":"","meta":[],"product_brand":[],"product_cat":[95],"product_tag":[],"class_list":{"0":"post-3684","1":"product","2":"type-product","3":"status-publish","4":"has-post-thumbnail","6":"product_cat-vergriffen","8":"first","9":"outofstock","10":"taxable","11":"shipping-taxable","12":"product-type-simple"},"aioseo_notices":[],"_wp_attached_file":null,"_wp_attachment_metadata":null,"_wc_attachment_source":null,"_elementor_inline_svg":null,"_elementor_is_screenshot":null,"_elementor_source_image_hash":null,"_source_url":null,"_wp_attachment_context":null,"_menu_item_type":null,"_menu_item_menu_item_parent":null,"_menu_item_object_id":null,"_menu_item_object":null,"_menu_item_target":null,"_menu_item_classes":null,"_menu_item_xfn":null,"_menu_item_url":null,"__elementor_forms_snapshot":null,"_unit":"","_unit_base":"","_unit_product":"","_unit_price_auto":"no","_unit_price_regular":"","_unit_price":"","_unit_price_sale":"","_sale_price_label":"","_sale_price_regular_label":"","_manufacturer_slug":"","_mini_desc":"","_defect_description":"","_safety_instructions":"","_allergen_ids":[],"_warranty_attachment_id":"","_safety_attachment_ids":[],"_min_age":"","_ts_gtin":"","_ts_mpn":"","_delivery_time_countries":[],"_free_shipping":"no","_service":"no","_photovoltaic_system":"no","_used_good":"no","_defective_copy":"no","_wireless_electronic_device":"no","_device_contains_power_supply":"no","_device_charging_supports_usb_pd":"no","_device_charging_watt_min":"0","_device_charging_watt_max":"0","_is_food":"no","_differential_taxation":"no","_gzd_version":"3.18.7","_hs_code":"","_customs_description":"","_manufacture_country":"0","_is_non_returnable":"no","_shipping_length":"","_shipping_width":"","_shipping_height":"","_sku":"ISBN 978-3-86442-356-7","_global_unique_id":"978-3-86442-356-7","_regular_price":null,"total_sales":"0","_tax_status":"taxable","_tax_class":"","_manage_stock":"no","_backorders":"no","_sold_individually":"no","_weight":"1","_virtual":"no","_downloadable":"no","_download_limit":"-1","_download_expiry":"-1","_stock":"","_stock_status":"outofstock","_wc_average_rating":"0","_wc_review_count":"0","_product_version":"10.1.4","_price":"","shopengine_product_views_count":"3259","_thumbnail_id":"5100","_product_attributes":{"erscheinungsdatum":{"name":"Fecha de publicaci\u00f3n","value":"22.06.2021","position":0,"is_visible":1,"is_variation":0,"is_taxonomy":0,"checkout_visible":0}},"_nutrient_ids":[],"_upsell_ids":null,"pswc_subtitle":null,"_default_delivery_time":null,"_wp_desired_post_slug":null,"_isbn":null,"pageType":null,"isExternalUrl":null,"pageId":null,"externalUrl":null,"hideCookieBanner":null,"isTargetBlank":null,"isProviderCurrentWebsite":null,"isEmbeddingOnlyExternalResources":null,"legalBasis":null,"dataProcessingInCountries":null,"dataProcessingInCountriesSpecialTreatments":null,"technicalDefinitions":null,"googleConsentModeConsentTypes":null,"executePriority":null,"executeCodeOptInWhenNoTagManagerConsentIsGiven":null,"executeCodeOptOutWhenNoTagManagerConsentIsGiven":null,"deleteTechnicalDefinitionsAfterOptOut":null,"presetId":null,"presetVersion":null,"provider":null,"providerContactPhone":null,"providerContactEmail":null,"providerContactLink":null,"uniqueName":null,"providerPrivacyPolicyUrl":null,"providerLegalNoticeUrl":null,"codeOptIn":null,"codeOptOut":null,"codeOnPageLoad":null,"language_code":null,"shopengine_template__post_meta__type":null,"shopengine_template__post_meta":null,"shopengine_template__post_meta__edit_with":null,"origin":null,"_enabled":null,"_filters":null,"_layout":null,"_elementor_import_session_id":null,"_wp_trash_meta_status":null,"_wp_trash_meta_time":null,"_edit_lock":"1743508013:2","_elementor_floating_elements_type":null,"_elementor_edit_mode":null,"_elementor_template_type":null,"tc-thumb-fld":{"_thumb_id":5100,"_thumb_type":"thumb"},"_wp_page_template":"default","_elementor_version":null,"_elementor_pro_version":null,"_elementor_page_settings":null,"_elementor_data":null,"_elementor_conditions":null,"_elementor_popup_display_settings":null,"_edit_last":"2","_elementor_template_sub_type":null,"_elementor_controls_usage":null,"_elementor_screenshot":null,"_elementor_css":null,"_elementor_page_assets":[],"_elementor_element_cache":null,"_elementor_screenshot_failed":null,"_elementor_source":null,"_wp_old_date":null,"layout_key":"","post_slider_check_key":"0","_links":{"self":[{"href":"https:\/\/snoeck.de\/es\/wp-json\/wp\/v2\/product\/3684","targetHints":{"allow":["GET"]}}],"collection":[{"href":"https:\/\/snoeck.de\/es\/wp-json\/wp\/v2\/product"}],"about":[{"href":"https:\/\/snoeck.de\/es\/wp-json\/wp\/v2\/types\/product"}],"wp:featuredmedia":[{"embeddable":true,"href":"https:\/\/snoeck.de\/es\/wp-json\/wp\/v2\/media\/5100"}],"wp:attachment":[{"href":"https:\/\/snoeck.de\/es\/wp-json\/wp\/v2\/media?parent=3684"}],"wp:term":[{"taxonomy":"product_brand","embeddable":true,"href":"https:\/\/snoeck.de\/es\/wp-json\/wp\/v2\/product_brand?post=3684"},{"taxonomy":"product_cat","embeddable":true,"href":"https:\/\/snoeck.de\/es\/wp-json\/wp\/v2\/product_cat?post=3684"},{"taxonomy":"product_tag","embeddable":true,"href":"https:\/\/snoeck.de\/es\/wp-json\/wp\/v2\/product_tag?post=3684"}],"curies":[{"name":"wp","href":"https:\/\/api.w.org\/{rel}","templated":true}]}}