{"id":3689,"date":"2025-01-31T11:31:36","date_gmt":"2025-01-31T11:31:36","guid":{"rendered":"https:\/\/snoeck.process-vision.de\/shop\/isabel-nuno-de-buen-sprengel-preis-2021\/"},"modified":"2025-04-01T11:37:59","modified_gmt":"2025-04-01T11:37:59","slug":"isabel-nuno-de-buen-sprengel-preis-2021","status":"publish","type":"product","link":"https:\/\/snoeck.de\/es\/shop\/isabel-nuno-de-buen-sprengel-preis-2021\/","title":{"rendered":"Isabel Nu\u00f1o de Buen: Premio Sprengel 2021"},"content":{"rendered":"<h3>Espacios visuales del cosmos, ritual y especulaci\u00f3n<\/h3>\n<p>Isabel Nu\u00f1o de Buen (nacida en 1985 en Ciudad de M\u00e9xico) ha sido galardonada con el PREMIO SPRENGEL 2021. El premio lo conceden la Nieders\u00e4chsische Sparkassenstiftung y el Estado de Baja Sajonia a artistas visuales de Baja Sajonia y tiene por objeto impulsar el intercambio cultural en Europa. Se acompa\u00f1a de un cat\u00e1logo y una exposici\u00f3n en el Museo Sprengel de Hannover, y el premio incluye tambi\u00e9n una beca de viaje de seis meses a otro pa\u00eds europeo. La posici\u00f3n poco convencional de Isabel Nu\u00f1o de Buen como escultora, que combina diferentes culturas, medios y t\u00e9cnicas en intervenciones sutiles, simb\u00f3licas y escult\u00f3ricas, impresion\u00f3 al jurado del premio tanto como su m\u00e1s reciente presentaci\u00f3n en la gran sala del Kunstverein Hannover. Su viaje la llev\u00f3 por Espa\u00f1a y Francia para contemplar tapices hist\u00f3ricos y situar su trabajo en di\u00e1logo directo con estas impresionantes obras. Isabel Nu\u00f1o de Buen finaliz\u00f3 sus estudios en la HBK Braunschweig en 2014 con Bogomir Ecker, en 2015 recibi\u00f3 la beca anual del estado de Baja Sajonia y en 2016 el premio de la Kunstverein Hannover. Recientemente ha expuesto en solitario en el Kunstverein Hannover y en The 500 Capp Street Foundation de San Francisco.<\/p>\n<p>Exposici\u00f3n:<br \/>\nMuseo Sprengel de Hannover, 4\/12\/2021 - 27\/2\/2022<\/p>","protected":false},"excerpt":{"rendered":"<p>Cat\u00e1logo de la exposici\u00f3n, publicado por Sprengel Museum Hannover, Nieders\u00e4chsische Sparkassenstiftung, Nieders\u00e4chsisches Ministerium f\u00fcr Wissenschaft und Kultur<br \/>\nTexto (alem\u00e1n\/ingl\u00e9s) de Daniel Garza-Usabianca, conversaci\u00f3n entre Carina Plath y la artista<br \/>\n80 p. con 40 ilustraciones en color<br \/>\nFormato 29 x 23,5 cm, tapa blanda gofrada<\/p>","protected":false},"featured_media":5105,"template":"","meta":[],"product_brand":[],"product_cat":[86,59,71],"product_tag":[],"class_list":{"0":"post-3689","1":"product","2":"type-product","3":"status-publish","4":"has-post-thumbnail","6":"product_cat-86","7":"product_cat-b","8":"product_cat-n","10":"first","11":"instock","12":"taxable","13":"shipping-taxable","14":"purchasable","15":"product-type-simple"},"aioseo_notices":[],"_wp_attached_file":null,"_wp_attachment_metadata":null,"_wc_attachment_source":null,"_elementor_inline_svg":null,"_elementor_is_screenshot":null,"_elementor_source_image_hash":null,"_source_url":null,"_wp_attachment_context":null,"_menu_item_type":null,"_menu_item_menu_item_parent":null,"_menu_item_object_id":null,"_menu_item_object":null,"_menu_item_target":null,"_menu_item_classes":null,"_menu_item_xfn":null,"_menu_item_url":null,"__elementor_forms_snapshot":null,"_unit":"","_unit_base":"","_unit_product":"","_unit_price_auto":"no","_unit_price_regular":"","_unit_price":"","_unit_price_sale":"","_sale_price_label":"","_sale_price_regular_label":"","_manufacturer_slug":"","_mini_desc":"","_defect_description":"","_safety_instructions":"","_allergen_ids":[],"_warranty_attachment_id":"","_safety_attachment_ids":[],"_min_age":"","_ts_gtin":"","_ts_mpn":"","_delivery_time_countries":[],"_free_shipping":"no","_service":"no","_photovoltaic_system":"no","_used_good":"no","_defective_copy":"no","_wireless_electronic_device":"no","_device_contains_power_supply":"no","_device_charging_supports_usb_pd":"no","_device_charging_watt_min":"0","_device_charging_watt_max":"0","_is_food":"no","_differential_taxation":"no","_gzd_version":"3.18.7","_hs_code":"","_customs_description":"","_manufacture_country":"0","_is_non_returnable":"no","_shipping_length":"","_shipping_width":"","_shipping_height":"","_sku":"ISBN 978-3-86442-372-7","_global_unique_id":"978-3-86442-372-7","_regular_price":"24.8","total_sales":"1","_tax_status":"taxable","_tax_class":"","_manage_stock":"no","_backorders":"no","_sold_individually":"no","_weight":"1","_virtual":"no","_downloadable":"no","_download_limit":"-1","_download_expiry":"-1","_stock":"","_stock_status":"instock","_wc_average_rating":"0","_wc_review_count":"0","_product_version":"9.7.1","_price":"24.8","shopengine_product_views_count":"2454","_thumbnail_id":"5105","_product_attributes":{"erscheinungsdatum":{"name":"Fecha de publicaci\u00f3n","value":"02.01.2022","position":0,"is_visible":1,"is_variation":0,"is_taxonomy":0,"checkout_visible":0}},"_nutrient_ids":[],"_upsell_ids":null,"pswc_subtitle":null,"_default_delivery_time":null,"_wp_desired_post_slug":null,"_isbn":null,"pageType":null,"isExternalUrl":null,"pageId":null,"externalUrl":null,"hideCookieBanner":null,"isTargetBlank":null,"isProviderCurrentWebsite":null,"isEmbeddingOnlyExternalResources":null,"legalBasis":null,"dataProcessingInCountries":null,"dataProcessingInCountriesSpecialTreatments":null,"technicalDefinitions":null,"googleConsentModeConsentTypes":null,"executePriority":null,"executeCodeOptInWhenNoTagManagerConsentIsGiven":null,"executeCodeOptOutWhenNoTagManagerConsentIsGiven":null,"deleteTechnicalDefinitionsAfterOptOut":null,"presetId":null,"presetVersion":null,"provider":null,"providerContactPhone":null,"providerContactEmail":null,"providerContactLink":null,"uniqueName":null,"providerPrivacyPolicyUrl":null,"providerLegalNoticeUrl":null,"codeOptIn":null,"codeOptOut":null,"codeOnPageLoad":null,"language_code":null,"shopengine_template__post_meta__type":null,"shopengine_template__post_meta":null,"shopengine_template__post_meta__edit_with":null,"origin":null,"_enabled":null,"_filters":null,"_layout":null,"_elementor_import_session_id":null,"_wp_trash_meta_status":null,"_wp_trash_meta_time":null,"_edit_lock":"1743507343:2","_elementor_floating_elements_type":null,"_elementor_edit_mode":null,"_elementor_template_type":null,"tc-thumb-fld":{"_thumb_id":5105,"_thumb_type":"thumb"},"_wp_page_template":"default","_elementor_version":null,"_elementor_pro_version":null,"_elementor_page_settings":null,"_elementor_data":null,"_elementor_conditions":null,"_elementor_popup_display_settings":null,"_edit_last":"2","_elementor_template_sub_type":null,"_elementor_controls_usage":null,"_elementor_screenshot":null,"_elementor_css":null,"_elementor_page_assets":[],"_elementor_element_cache":null,"_elementor_screenshot_failed":null,"_elementor_source":null,"_wp_old_date":null,"layout_key":"","post_slider_check_key":"0","_links":{"self":[{"href":"https:\/\/snoeck.de\/es\/wp-json\/wp\/v2\/product\/3689","targetHints":{"allow":["GET"]}}],"collection":[{"href":"https:\/\/snoeck.de\/es\/wp-json\/wp\/v2\/product"}],"about":[{"href":"https:\/\/snoeck.de\/es\/wp-json\/wp\/v2\/types\/product"}],"wp:featuredmedia":[{"embeddable":true,"href":"https:\/\/snoeck.de\/es\/wp-json\/wp\/v2\/media\/5105"}],"wp:attachment":[{"href":"https:\/\/snoeck.de\/es\/wp-json\/wp\/v2\/media?parent=3689"}],"wp:term":[{"taxonomy":"product_brand","embeddable":true,"href":"https:\/\/snoeck.de\/es\/wp-json\/wp\/v2\/product_brand?post=3689"},{"taxonomy":"product_cat","embeddable":true,"href":"https:\/\/snoeck.de\/es\/wp-json\/wp\/v2\/product_cat?post=3689"},{"taxonomy":"product_tag","embeddable":true,"href":"https:\/\/snoeck.de\/es\/wp-json\/wp\/v2\/product_tag?post=3689"}],"curies":[{"name":"wp","href":"https:\/\/api.w.org\/{rel}","templated":true}]}}