{"id":3486,"date":"2025-01-31T11:29:34","date_gmt":"2025-01-31T11:29:34","guid":{"rendered":"https:\/\/snoeck.process-vision.de\/shop\/heike-beyer-kaum-dass-sie-stehen-koennen\/"},"modified":"2026-04-08T14:58:13","modified_gmt":"2026-04-08T13:58:13","slug":"heike-beyer-kaum-dass-sie-stehen-koennen","status":"publish","type":"product","link":"https:\/\/snoeck.de\/fr\/shop\/heike-beyer-kaum-dass-sie-stehen-koennen\/","title":{"rendered":"Heike Beyer : A peine capables de se tenir debout"},"content":{"rendered":"<h3>Comme la po\u00e9sie ou la musique<\/h3>\n<p>En filigrane, des fils sont tendus depuis les fleurs blanches d'un bouquet de fleurs vers l'espace d'exposition, car dans les \u0153uvres de Heike Beyer enti\u00e8rement consacr\u00e9es \u00e0 la contemplation, \"on ressent imm\u00e9diatement une convivialit\u00e9 accueillante au lieu de la vanit\u00e9\", comme l'\u00e9crit Catrin Lorch \u00e0 l'occasion de l'exposition 2004 au mus\u00e9e Ludwig de Cologne. Les \u0153uvres sont donc inscrites dans leur caract\u00e8re \u00e9ph\u00e9m\u00e8re, mais d'une mani\u00e8re solennelle, poursuit Catrin Lorch, car l'artiste d\u00e9core les espaces et les salles d'art plut\u00f4t qu'elle ne les am\u00e9nage. Les travaux de cette dipl\u00f4m\u00e9e de la St\u00e4delschule de Francfort, n\u00e9e en 1967 \u00e0 Siegen et vivant aujourd'hui \u00e0 Cologne, ne se fixent toutefois pas uniquement sur le th\u00e8me de la d\u00e9coration, ni sur le caract\u00e8re \u00e9ph\u00e9m\u00e8re et trompeur des belles apparences, son int\u00e9r\u00eat se porte plut\u00f4t sur les changements processuels, sur la question de savoir comment les formes se transforment dans la d\u00e9cadence, dans la fatigue, comment les souvenirs s'estompent, et \u00e0 la fin, la question est : que reste-t-il ?<\/p>\n<p>Expositions :<br \/>\nMus\u00e9e d'art contemporain, Fribourg, 15\/2-22\/6\/2014<br \/>\nAssociation artistique de Heilbronn, 5\/7-24\/8\/2014<\/p>","protected":false},"excerpt":{"rendered":"<p>Catalogue d'exposition, Museum f\u00fcr Neue Kunst Freiburg, Kunstverein Heilbronn, \u00e9d. par Christine Litz, Matthia L\u00f6bke<br \/>\nTexte (all.\/ang.) de Christine Litz ainsi qu'une interview de Kasper K\u00f6nig<br \/>\n80 p. avec 25 n\/b et 50 col. ill.<br \/>\nformat 25 x19 cm, couverture souple<\/p>","protected":false},"featured_media":4901,"template":"","meta":[],"product_brand":[],"product_cat":[95],"product_tag":[],"class_list":{"0":"post-3486","1":"product","2":"type-product","3":"status-publish","4":"has-post-thumbnail","6":"product_cat-vergriffen","8":"first","9":"outofstock","10":"taxable","11":"shipping-taxable","12":"product-type-simple"},"aioseo_notices":[],"_wp_attached_file":null,"_wp_attachment_metadata":null,"_wc_attachment_source":null,"_elementor_inline_svg":null,"_elementor_is_screenshot":null,"_elementor_source_image_hash":null,"_source_url":null,"_wp_attachment_context":null,"_menu_item_type":null,"_menu_item_menu_item_parent":null,"_menu_item_object_id":null,"_menu_item_object":null,"_menu_item_target":null,"_menu_item_classes":null,"_menu_item_xfn":null,"_menu_item_url":null,"__elementor_forms_snapshot":null,"_unit":"","_unit_base":"","_unit_product":"","_unit_price_auto":"no","_unit_price_regular":"","_unit_price":"","_unit_price_sale":"","_sale_price_label":"","_sale_price_regular_label":"","_manufacturer_slug":"","_mini_desc":"","_defect_description":"","_safety_instructions":"","_allergen_ids":[],"_warranty_attachment_id":"","_safety_attachment_ids":[],"_min_age":"","_ts_gtin":"","_ts_mpn":"","_delivery_time_countries":[],"_free_shipping":"no","_service":"no","_photovoltaic_system":"no","_used_good":"no","_defective_copy":"no","_wireless_electronic_device":"no","_device_contains_power_supply":"no","_device_charging_supports_usb_pd":"no","_device_charging_watt_min":"0","_device_charging_watt_max":"0","_is_food":"no","_differential_taxation":"no","_gzd_version":"3.18.7","_hs_code":"","_customs_description":"","_manufacture_country":"0","_is_non_returnable":"no","_shipping_length":"","_shipping_width":"","_shipping_height":"","_sku":"ISBN 978-3-86442-082-5","_global_unique_id":"978-3-86442-082-5","_regular_price":null,"total_sales":"0","_tax_status":"taxable","_tax_class":"","_manage_stock":"no","_backorders":"no","_sold_individually":"no","_weight":"1","_virtual":"no","_downloadable":"no","_download_limit":"-1","_download_expiry":"-1","_stock":"","_stock_status":"outofstock","_wc_average_rating":"0","_wc_review_count":"0","_product_version":"10.1.4","_price":"","shopengine_product_views_count":"2623","_thumbnail_id":"4901","_product_attributes":{"erscheinungsdatum":{"name":"Date de publication","value":"09.04.2014","position":0,"is_visible":1,"is_variation":0,"is_taxonomy":0,"checkout_visible":0}},"_nutrient_ids":[],"_upsell_ids":null,"pswc_subtitle":null,"_default_delivery_time":null,"_wp_desired_post_slug":null,"_isbn":null,"pageType":null,"isExternalUrl":null,"pageId":null,"externalUrl":null,"hideCookieBanner":null,"isTargetBlank":null,"isProviderCurrentWebsite":null,"isEmbeddingOnlyExternalResources":null,"legalBasis":null,"dataProcessingInCountries":null,"dataProcessingInCountriesSpecialTreatments":null,"technicalDefinitions":null,"googleConsentModeConsentTypes":null,"executePriority":null,"executeCodeOptInWhenNoTagManagerConsentIsGiven":null,"executeCodeOptOutWhenNoTagManagerConsentIsGiven":null,"deleteTechnicalDefinitionsAfterOptOut":null,"presetId":null,"presetVersion":null,"provider":null,"providerContactPhone":null,"providerContactEmail":null,"providerContactLink":null,"uniqueName":null,"providerPrivacyPolicyUrl":null,"providerLegalNoticeUrl":null,"codeOptIn":null,"codeOptOut":null,"codeOnPageLoad":null,"language_code":null,"shopengine_template__post_meta__type":null,"shopengine_template__post_meta":null,"shopengine_template__post_meta__edit_with":null,"origin":null,"_enabled":null,"_filters":null,"_layout":null,"_elementor_import_session_id":null,"_wp_trash_meta_status":null,"_wp_trash_meta_time":null,"_edit_lock":"1743600047:2","_elementor_floating_elements_type":null,"_elementor_edit_mode":null,"_elementor_template_type":null,"tc-thumb-fld":{"_thumb_id":4901,"_thumb_type":"thumb"},"_wp_page_template":"default","_elementor_version":null,"_elementor_pro_version":null,"_elementor_page_settings":null,"_elementor_data":null,"_elementor_conditions":null,"_elementor_popup_display_settings":null,"_edit_last":"2","_elementor_template_sub_type":null,"_elementor_controls_usage":null,"_elementor_screenshot":null,"_elementor_css":null,"_elementor_page_assets":[],"_elementor_element_cache":null,"_elementor_screenshot_failed":null,"_elementor_source":null,"_wp_old_date":null,"layout_key":"","post_slider_check_key":"0","_links":{"self":[{"href":"https:\/\/snoeck.de\/fr\/wp-json\/wp\/v2\/product\/3486","targetHints":{"allow":["GET"]}}],"collection":[{"href":"https:\/\/snoeck.de\/fr\/wp-json\/wp\/v2\/product"}],"about":[{"href":"https:\/\/snoeck.de\/fr\/wp-json\/wp\/v2\/types\/product"}],"wp:featuredmedia":[{"embeddable":true,"href":"https:\/\/snoeck.de\/fr\/wp-json\/wp\/v2\/media\/4901"}],"wp:attachment":[{"href":"https:\/\/snoeck.de\/fr\/wp-json\/wp\/v2\/media?parent=3486"}],"wp:term":[{"taxonomy":"product_brand","embeddable":true,"href":"https:\/\/snoeck.de\/fr\/wp-json\/wp\/v2\/product_brand?post=3486"},{"taxonomy":"product_cat","embeddable":true,"href":"https:\/\/snoeck.de\/fr\/wp-json\/wp\/v2\/product_cat?post=3486"},{"taxonomy":"product_tag","embeddable":true,"href":"https:\/\/snoeck.de\/fr\/wp-json\/wp\/v2\/product_tag?post=3486"}],"curies":[{"name":"wp","href":"https:\/\/api.w.org\/{rel}","templated":true}]}}