{"id":3666,"date":"2025-01-31T11:31:23","date_gmt":"2025-01-31T11:31:23","guid":{"rendered":"https:\/\/snoeck.process-vision.de\/shop\/olaf-metzel-hans-von-marees-eine-annaeherung\/"},"modified":"2025-04-01T12:23:41","modified_gmt":"2025-04-01T12:23:41","slug":"olaf-metzel-hans-von-marees-eine-annaeherung","status":"publish","type":"product","link":"https:\/\/snoeck.de\/fr\/shop\/olaf-metzel-hans-von-marees-eine-annaeherung\/","title":{"rendered":"Olaf Metzel - Hans von Mar\u00e9es. Une approche"},"content":{"rendered":"<h3>Comment s'approcher ?<\/h3>\n<p>L'\u0153uvre de Hans von Mar\u00e9es (1837-1887) divise les esprits : pour les uns, il est consid\u00e9r\u00e9 comme un artiste rat\u00e9, pour les autres, il a pos\u00e9 la premi\u00e8re pierre de la modernit\u00e9 en Allemagne. Quelle est la raison de la contradiction persistante avec laquelle son \u0153uvre picturale est per\u00e7ue ? Et quelle est la signification de son \u0153uvre, qui est expos\u00e9e dans une salle sp\u00e9ciale (n\u00b0 15) de la Neue Pinakothek de Munich, pour un artiste contemporain comme Olaf Metzel (n\u00e9 en 1952) ? Dans un premier temps, le rapprochement par le biais d'une double exposition s'est fait \u00e0 l'instigation de Metzel, le sculpteur cherchant d\u00e9lib\u00e9r\u00e9ment la confrontation, car dans l'approche n\u00e9o-id\u00e9aliste des Romains allemands, dont fait partie von Mar\u00e9es, se trouve une partie de ces visions de l'Europe si souvent \u00e9voqu\u00e9es et qui sont aujourd'hui si fortement contest\u00e9es dans des directions politiques oppos\u00e9es. L'\u0153uvre picturale de Hans von Mar\u00e9es est ainsi directement confront\u00e9e \u00e0 quelques-unes des sculptures les plus avanc\u00e9es d'Olaf Metzel. Ainsi, ce dernier nous pr\u00e9sente les th\u00e8mes classiques du portrait et de la figure humaine en pla\u00e7ant sa sculpture \"Turkish Delight\" (2006) d'une main s\u00fbre. Il fait \u00e9galement entrer en collision des mondes politiques : Dans la grande \u0153uvre en aluminium \"Lampedusa\" (2015) avec des articles de journaux sur le th\u00e8me des r\u00e9fugi\u00e9s, les photos d'ouverture font \u00e0 elles seules fr\u00e9mir - aucune comparaison donc avec les jardins des po\u00e8tes et des dieux de la peinture historique. Mais c'est justement gr\u00e2ce \u00e0 cela qu'Olaf Metzel redonne de l'actualit\u00e9 \u00e0 l'\u0153uvre de son coll\u00e8gue et nous montre en m\u00eame temps la n\u00e9cessit\u00e9 sans fin de la provocation artistique. Le volume d'accompagnement documente l'exposition en d\u00e9tail et publie une s\u00e9rie de conf\u00e9rences sur l'\u00e9tat actuel du d\u00e9bat.<\/p>\n<p>Exposition :<br \/>\nPinakothek der Moderne, Munich, 26\/11\/2015 - 22\/2\/2016<\/p>","protected":false},"excerpt":{"rendered":"<p>Catalogue d'exposition, Pinakothek der Moderne Munich, \u00e9d. par Joachim Kaak<br \/>\nTextes (all.\/ang.) de Michael Diers, Joachim Kaak, Konrad<br \/>\nLaudenbacher, Bernhard Maaz, Olaf Metzel,<br \/>\nFrank Schmidt, Bernhart Schwenk<br \/>\n176 p. avec 75 illustrations en couleur<br \/>\nformat 20,5 x 17 cm, couverture souple avec jaquette gaufr\u00e9e<\/p>","protected":false},"featured_media":5079,"template":"","meta":[],"product_brand":[],"product_cat":[108,70],"product_tag":[],"class_list":{"0":"post-3666","1":"product","2":"type-product","3":"status-publish","4":"has-post-thumbnail","6":"product_cat-108","7":"product_cat-m","9":"first","10":"instock","11":"taxable","12":"shipping-taxable","13":"purchasable","14":"product-type-simple"},"aioseo_notices":[],"_wp_attached_file":null,"_wp_attachment_metadata":null,"_wc_attachment_source":null,"_elementor_inline_svg":null,"_elementor_is_screenshot":null,"_elementor_source_image_hash":null,"_source_url":null,"_wp_attachment_context":null,"_menu_item_type":null,"_menu_item_menu_item_parent":null,"_menu_item_object_id":null,"_menu_item_object":null,"_menu_item_target":null,"_menu_item_classes":null,"_menu_item_xfn":null,"_menu_item_url":null,"__elementor_forms_snapshot":null,"_unit":"","_unit_base":"","_unit_product":"","_unit_price_auto":"no","_unit_price_regular":"","_unit_price":"","_unit_price_sale":"","_sale_price_label":"","_sale_price_regular_label":"","_manufacturer_slug":"","_mini_desc":"","_defect_description":"","_safety_instructions":"","_allergen_ids":[],"_warranty_attachment_id":"","_safety_attachment_ids":[],"_min_age":"","_ts_gtin":"","_ts_mpn":"","_delivery_time_countries":[],"_free_shipping":"no","_service":"no","_photovoltaic_system":"no","_used_good":"no","_defective_copy":"no","_wireless_electronic_device":"no","_device_contains_power_supply":"no","_device_charging_supports_usb_pd":"no","_device_charging_watt_min":"0","_device_charging_watt_max":"0","_is_food":"no","_differential_taxation":"no","_gzd_version":"3.18.7","_hs_code":"","_customs_description":"","_manufacture_country":"0","_is_non_returnable":"no","_shipping_length":"","_shipping_width":"","_shipping_height":"","_sku":"ISBN 978-3-86442-179-2","_global_unique_id":"978-3-86442-179-2","_regular_price":"29.8","total_sales":"0","_tax_status":"taxable","_tax_class":"","_manage_stock":"no","_backorders":"no","_sold_individually":"no","_weight":"1","_virtual":"no","_downloadable":"no","_download_limit":"-1","_download_expiry":"-1","_stock":"","_stock_status":"instock","_wc_average_rating":"0","_wc_review_count":"0","_product_version":"9.7.1","_price":"29.8","shopengine_product_views_count":"2693","_thumbnail_id":"5079","_product_attributes":{"erscheinungsdatum":{"name":"Date de publication","value":"15.11.2016","position":0,"is_visible":1,"is_variation":0,"is_taxonomy":0,"checkout_visible":0}},"_nutrient_ids":[],"_upsell_ids":null,"pswc_subtitle":null,"_default_delivery_time":null,"_wp_desired_post_slug":null,"_isbn":null,"pageType":null,"isExternalUrl":null,"pageId":null,"externalUrl":null,"hideCookieBanner":null,"isTargetBlank":null,"isProviderCurrentWebsite":null,"isEmbeddingOnlyExternalResources":null,"legalBasis":null,"dataProcessingInCountries":null,"dataProcessingInCountriesSpecialTreatments":null,"technicalDefinitions":null,"googleConsentModeConsentTypes":null,"executePriority":null,"executeCodeOptInWhenNoTagManagerConsentIsGiven":null,"executeCodeOptOutWhenNoTagManagerConsentIsGiven":null,"deleteTechnicalDefinitionsAfterOptOut":null,"presetId":null,"presetVersion":null,"provider":null,"providerContactPhone":null,"providerContactEmail":null,"providerContactLink":null,"uniqueName":null,"providerPrivacyPolicyUrl":null,"providerLegalNoticeUrl":null,"codeOptIn":null,"codeOptOut":null,"codeOnPageLoad":null,"language_code":null,"shopengine_template__post_meta__type":null,"shopengine_template__post_meta":null,"shopengine_template__post_meta__edit_with":null,"origin":null,"_enabled":null,"_filters":null,"_layout":null,"_elementor_import_session_id":null,"_wp_trash_meta_status":null,"_wp_trash_meta_time":null,"_edit_lock":"1743510083:2","_elementor_floating_elements_type":null,"_elementor_edit_mode":null,"_elementor_template_type":null,"tc-thumb-fld":{"_thumb_id":5079,"_thumb_type":"thumb"},"_wp_page_template":"default","_elementor_version":null,"_elementor_pro_version":null,"_elementor_page_settings":null,"_elementor_data":null,"_elementor_conditions":null,"_elementor_popup_display_settings":null,"_edit_last":"2","_elementor_template_sub_type":null,"_elementor_controls_usage":null,"_elementor_screenshot":null,"_elementor_css":null,"_elementor_page_assets":[],"_elementor_element_cache":null,"_elementor_screenshot_failed":null,"_elementor_source":null,"_wp_old_date":null,"layout_key":"","post_slider_check_key":"0","_links":{"self":[{"href":"https:\/\/snoeck.de\/fr\/wp-json\/wp\/v2\/product\/3666","targetHints":{"allow":["GET"]}}],"collection":[{"href":"https:\/\/snoeck.de\/fr\/wp-json\/wp\/v2\/product"}],"about":[{"href":"https:\/\/snoeck.de\/fr\/wp-json\/wp\/v2\/types\/product"}],"wp:featuredmedia":[{"embeddable":true,"href":"https:\/\/snoeck.de\/fr\/wp-json\/wp\/v2\/media\/5079"}],"wp:attachment":[{"href":"https:\/\/snoeck.de\/fr\/wp-json\/wp\/v2\/media?parent=3666"}],"wp:term":[{"taxonomy":"product_brand","embeddable":true,"href":"https:\/\/snoeck.de\/fr\/wp-json\/wp\/v2\/product_brand?post=3666"},{"taxonomy":"product_cat","embeddable":true,"href":"https:\/\/snoeck.de\/fr\/wp-json\/wp\/v2\/product_cat?post=3666"},{"taxonomy":"product_tag","embeddable":true,"href":"https:\/\/snoeck.de\/fr\/wp-json\/wp\/v2\/product_tag?post=3666"}],"curies":[{"name":"wp","href":"https:\/\/api.w.org\/{rel}","templated":true}]}}