{"id":3757,"date":"2025-01-31T11:32:17","date_gmt":"2025-01-31T11:32:17","guid":{"rendered":"https:\/\/snoeck.process-vision.de\/shop\/paul-schwer-von-beiden-enden\/"},"modified":"2026-04-08T15:17:53","modified_gmt":"2026-04-08T14:17:53","slug":"paul-schwer-von-beiden-enden","status":"publish","type":"product","link":"https:\/\/snoeck.de\/fr\/shop\/paul-schwer-von-beiden-enden\/","title":{"rendered":"Paul Schwer : des deux c\u00f4t\u00e9s"},"content":{"rendered":"<h3>Pas de beaut\u00e9 sans danger<\/h3>\n<p>Paul Schwer (*1951) intervient avec aplomb dans des architectures existantes ou des paysages \u00e0 travers ses \u0153uvres plastiques et picturales. Son r\u00e9pertoire de formes et de mat\u00e9riaux vise depuis toujours la sculpture autonome, car c'est en elle que les rapports culturels et sociaux se refl\u00e8tent de la mani\u00e8re la plus marquante. Tout a commenc\u00e9 \u00e0 la fin des ann\u00e9es 1980 dans la peinture avec des motifs figuratifs dont la mat\u00e9rialit\u00e9 semblait se dissoudre dans des constellations de couleurs \u00e0 l'effet brouill\u00e9. Puis, dans les ann\u00e9es 1990, l'artiste a \u00e9t\u00e9 pouss\u00e9 dans l'espace, ses tableaux ont quitt\u00e9 le mur et, dans le motif qu'il a d\u00e9velopp\u00e9 et qui s'enroule en spirale comme un ADN, la couleur et la lumi\u00e8re se sont imbriqu\u00e9es dans l'espace et le mouvement. C'est ainsi que sont n\u00e9es des \u0153uvres \u00e0 la fois brutes, cassantes, comme bricol\u00e9es, mais aussi auratiques, lumineuses et tout simplement belles. Stephan Berg (Kunstmuseum Bonn) y a vu un m\u00e9lange d'\u00e9lan po\u00e9tique et de douceur, qui oscille entre les p\u00f4les du statisme (construit) et de la dynamique (contingente). Ou comme l'a dit Johann Hartle (Amsterdam) en citant le titre d'une chanson du groupe Einst\u00fcrzende Neubauten : \"Pas de beaut\u00e9 sans danger\". Pour Hartle, le travail de Paul Schwer r\u00e9unit ces deux notions dans une symbolique de l'espace qui favorise la spontan\u00e9it\u00e9 de l'expression politique comme de l'appropriation de son propre corps. Hartle cite \u00e0 ce propos un bon mot de Sartre : L'artiste est comme un chien sans cervelet, qui a perdu toute s\u00e9curit\u00e9, tout lien et toute certitude. Avec son id\u00e9e h\u00e9ro\u00efque d'auteur artistique s'effa\u00e7ant lui-m\u00eame au moment de la beaut\u00e9 dangereuse, Paul Schwer confirme cette caract\u00e9risation de l'artiste au c\u0153ur aventureux !<\/p>\n<p>Expositions :<br \/>\nMus\u00e9e de Ratingen, 29\/6 - 30\/9\/2018<br \/>\nMus\u00e9e Goch, 1\/7 - 9\/9\/2018<\/p>","protected":false},"excerpt":{"rendered":"<p>Catalogue d'exposition, Mus\u00e9e de Ratingen, Mus\u00e9e de Goch, \u00e9d. par Alexandra K\u00f6nig et Stephan Mann<br \/>\nTextes (all.\/ang.) de Jan Hoet, Gregor Janssen, Ludwig Seyfarth<br \/>\n128 p. avec 80 illustrations en couleur<br \/>\nformat 30 x 24 cm, couverture rigide<\/p>","protected":false},"featured_media":5172,"template":"","meta":[],"product_brand":[],"product_cat":[95],"product_tag":[],"class_list":{"0":"post-3757","1":"product","2":"type-product","3":"status-publish","4":"has-post-thumbnail","6":"product_cat-vergriffen","8":"first","9":"outofstock","10":"taxable","11":"shipping-taxable","12":"product-type-simple"},"aioseo_notices":[],"_wp_attached_file":null,"_wp_attachment_metadata":null,"_wc_attachment_source":null,"_elementor_inline_svg":null,"_elementor_is_screenshot":null,"_elementor_source_image_hash":null,"_source_url":null,"_wp_attachment_context":null,"_menu_item_type":null,"_menu_item_menu_item_parent":null,"_menu_item_object_id":null,"_menu_item_object":null,"_menu_item_target":null,"_menu_item_classes":null,"_menu_item_xfn":null,"_menu_item_url":null,"__elementor_forms_snapshot":null,"_unit":"","_unit_base":"","_unit_product":"","_unit_price_auto":"no","_unit_price_regular":"","_unit_price":"","_unit_price_sale":"","_sale_price_label":"","_sale_price_regular_label":"","_manufacturer_slug":"","_mini_desc":"","_defect_description":"","_safety_instructions":"","_allergen_ids":[],"_warranty_attachment_id":"","_safety_attachment_ids":[],"_min_age":"","_ts_gtin":"","_ts_mpn":"","_delivery_time_countries":[],"_free_shipping":"no","_service":"no","_photovoltaic_system":"no","_used_good":"no","_defective_copy":"no","_wireless_electronic_device":"no","_device_contains_power_supply":"no","_device_charging_supports_usb_pd":"no","_device_charging_watt_min":"0","_device_charging_watt_max":"0","_is_food":"no","_differential_taxation":"no","_gzd_version":"3.18.7","_hs_code":"","_customs_description":"","_manufacture_country":"0","_is_non_returnable":"no","_shipping_length":"","_shipping_width":"","_shipping_height":"","_sku":"ISBN 978-3-86442-262-1","_global_unique_id":"978-3-86442-262-1","_regular_price":null,"total_sales":"0","_tax_status":"taxable","_tax_class":"","_manage_stock":"no","_backorders":"no","_sold_individually":"no","_weight":"2","_virtual":"no","_downloadable":"no","_download_limit":"-1","_download_expiry":"-1","_stock":"","_stock_status":"outofstock","_wc_average_rating":"0","_wc_review_count":"0","_product_version":"10.1.4","_price":"","shopengine_product_views_count":"2382","_thumbnail_id":"5172","_product_attributes":{"erscheinungsdatum":{"name":"Date de publication","value":"30.08.2018","position":0,"is_visible":1,"is_variation":0,"is_taxonomy":0,"checkout_visible":0}},"_nutrient_ids":[],"_upsell_ids":null,"pswc_subtitle":null,"_default_delivery_time":null,"_wp_desired_post_slug":null,"_isbn":null,"pageType":null,"isExternalUrl":null,"pageId":null,"externalUrl":null,"hideCookieBanner":null,"isTargetBlank":null,"isProviderCurrentWebsite":null,"isEmbeddingOnlyExternalResources":null,"legalBasis":null,"dataProcessingInCountries":null,"dataProcessingInCountriesSpecialTreatments":null,"technicalDefinitions":null,"googleConsentModeConsentTypes":null,"executePriority":null,"executeCodeOptInWhenNoTagManagerConsentIsGiven":null,"executeCodeOptOutWhenNoTagManagerConsentIsGiven":null,"deleteTechnicalDefinitionsAfterOptOut":null,"presetId":null,"presetVersion":null,"provider":null,"providerContactPhone":null,"providerContactEmail":null,"providerContactLink":null,"uniqueName":null,"providerPrivacyPolicyUrl":null,"providerLegalNoticeUrl":null,"codeOptIn":null,"codeOptOut":null,"codeOnPageLoad":null,"language_code":null,"shopengine_template__post_meta__type":null,"shopengine_template__post_meta":null,"shopengine_template__post_meta__edit_with":null,"origin":null,"_enabled":null,"_filters":null,"_layout":null,"_elementor_import_session_id":null,"_wp_trash_meta_status":null,"_wp_trash_meta_time":null,"_edit_lock":"1743258209:2","_elementor_floating_elements_type":null,"_elementor_edit_mode":null,"_elementor_template_type":null,"tc-thumb-fld":{"_thumb_id":5172,"_thumb_type":"thumb"},"_wp_page_template":"default","_elementor_version":null,"_elementor_pro_version":null,"_elementor_page_settings":null,"_elementor_data":null,"_elementor_conditions":null,"_elementor_popup_display_settings":null,"_edit_last":"2","_elementor_template_sub_type":null,"_elementor_controls_usage":null,"_elementor_screenshot":null,"_elementor_css":null,"_elementor_page_assets":[],"_elementor_element_cache":null,"_elementor_screenshot_failed":null,"_elementor_source":null,"_wp_old_date":null,"layout_key":"","post_slider_check_key":"0","_links":{"self":[{"href":"https:\/\/snoeck.de\/fr\/wp-json\/wp\/v2\/product\/3757","targetHints":{"allow":["GET"]}}],"collection":[{"href":"https:\/\/snoeck.de\/fr\/wp-json\/wp\/v2\/product"}],"about":[{"href":"https:\/\/snoeck.de\/fr\/wp-json\/wp\/v2\/types\/product"}],"wp:featuredmedia":[{"embeddable":true,"href":"https:\/\/snoeck.de\/fr\/wp-json\/wp\/v2\/media\/5172"}],"wp:attachment":[{"href":"https:\/\/snoeck.de\/fr\/wp-json\/wp\/v2\/media?parent=3757"}],"wp:term":[{"taxonomy":"product_brand","embeddable":true,"href":"https:\/\/snoeck.de\/fr\/wp-json\/wp\/v2\/product_brand?post=3757"},{"taxonomy":"product_cat","embeddable":true,"href":"https:\/\/snoeck.de\/fr\/wp-json\/wp\/v2\/product_cat?post=3757"},{"taxonomy":"product_tag","embeddable":true,"href":"https:\/\/snoeck.de\/fr\/wp-json\/wp\/v2\/product_tag?post=3757"}],"curies":[{"name":"wp","href":"https:\/\/api.w.org\/{rel}","templated":true}]}}