{"id":3766,"date":"2025-01-31T11:32:23","date_gmt":"2025-01-31T11:32:23","guid":{"rendered":"https:\/\/snoeck.process-vision.de\/shop\/saul-steinberg-the-americans\/"},"modified":"2025-10-03T16:21:46","modified_gmt":"2025-10-03T14:21:46","slug":"saul-steinberg-the-americans","status":"publish","type":"product","link":"https:\/\/snoeck.de\/fr\/shop\/saul-steinberg-the-americans\/","title":{"rendered":"Saul Steinberg : Les Am\u00e9ricains"},"content":{"rendered":"<h3>L'American Way of Life 1958<\/h3>\n<p>Sur huit tableaux ind\u00e9pendants d'une longueur totale de plus de soixante-dix m\u00e8tres, Saul Steinberg a cr\u00e9\u00e9 pour le pavillon am\u00e9ricain de l'exposition universelle de 1958 \u00e0 Bruxelles un collage imposant sur l'American Way of Life, qu'il a tout simplement appel\u00e9 \"The Americans\". Pour la premi\u00e8re fois, le mus\u00e9e Ludwig de Cologne pr\u00e9sente \u00e0 nouveau l'ensemble complet - compl\u00e9t\u00e9 par d'autres dessins, collages et illustrations de magazines.<br \/>\nSaul Steinberg, n\u00e9 en Roumanie en 1914 et d\u00e9c\u00e9d\u00e9 \u00e0 New York en 1999, a commenc\u00e9 des \u00e9tudes d'architecture \u00e0 Milan en 1932, puis a tent\u00e9 d'\u00e9migrer aux \u00c9tats-Unis en 1941 avec un passeport dont il avait lui-m\u00eame falsifi\u00e9 le tampon, avant d'\u00eatre finalement expuls\u00e9 vers la R\u00e9publique dominicaine. De l\u00e0, il a envoy\u00e9 ses dessins au \"New Yorker\", pour finalement r\u00e9ussir \u00e0 entrer aux \u00c9tats-Unis. \"The Americans\" est consid\u00e9r\u00e9 comme le point culminant du travail artistique de Saul Steinberg, qui l'a surtout rendu c\u00e9l\u00e8bre en tant qu'illustrateur talentueux du \"New Yorker\". En 1976, une vue labyrinthique de la ville de New York a fait la couverture du magazine du m\u00eame nom qui a rendu Steinberg c\u00e9l\u00e8bre. Le livre ne documente pas seulement \"The Americans\" de mani\u00e8re exhaustive avec d'excellentes illustrations, mais montre aussi pour la premi\u00e8re fois de mani\u00e8re impressionnante le m\u00e9lange des m\u00e9dias les plus divers - dessin, photographie, motifs de papier peint, papier d'emballage et fragments de bande dessin\u00e9e. L'exposition et le livre ne servent donc pas seulement \u00e0 la red\u00e9couverte, mais permettent aussi pour la premi\u00e8re fois de jeter un regard authentique sur les possibilit\u00e9s de rencontre avec l'Am\u00e9rique m\u00e9tropolitaine et rurale, telles que la premi\u00e8re exposition universelle les a offertes \u00e0 l'Europe d'apr\u00e8s-guerre.<\/p>\n<p>Exposition :<br \/>\nMus\u00e9e Ludwig, Cologne, 23\/3 - 23\/6\/2013<\/p>","protected":false},"excerpt":{"rendered":"<p>Catalogue d'exposition, Mus\u00e9e Ludwig, \u00e9d. Andreas Prinzing<br \/>\nTextes (all.\/ang.) de Philipp Kaiser, Andreas Prinzing, Melissa Renn, Inga Rossi-Schrimpf, Iain Topliss<br \/>\n200 p. avec 140 illustrations en couleur<br \/>\nFormat 23 x 26,5 cm, brochure \u00e0 rabats avec deux tableaux d\u00e9pliants<\/p>","protected":false},"featured_media":5181,"template":"","meta":[],"product_brand":[],"product_cat":[101,90,76,95],"product_tag":[],"class_list":{"0":"post-3766","1":"product","2":"type-product","3":"status-publish","4":"has-post-thumbnail","6":"product_cat-101","7":"product_cat-rare-books","8":"product_cat-s","9":"product_cat-vergriffen","11":"first","12":"outofstock","13":"taxable","14":"shipping-taxable","15":"product-type-simple"},"aioseo_notices":[],"_wp_attached_file":null,"_wp_attachment_metadata":null,"_wc_attachment_source":null,"_elementor_inline_svg":null,"_elementor_is_screenshot":null,"_elementor_source_image_hash":null,"_source_url":null,"_wp_attachment_context":null,"_menu_item_type":null,"_menu_item_menu_item_parent":null,"_menu_item_object_id":null,"_menu_item_object":null,"_menu_item_target":null,"_menu_item_classes":null,"_menu_item_xfn":null,"_menu_item_url":null,"__elementor_forms_snapshot":null,"_unit":"","_unit_base":"","_unit_product":"","_unit_price_auto":"no","_unit_price_regular":"","_unit_price":"","_unit_price_sale":"","_sale_price_label":"","_sale_price_regular_label":"","_manufacturer_slug":"","_mini_desc":"","_defect_description":"","_safety_instructions":"","_allergen_ids":[],"_warranty_attachment_id":"","_safety_attachment_ids":[],"_min_age":"","_ts_gtin":"","_ts_mpn":"","_delivery_time_countries":[],"_free_shipping":"no","_service":"no","_photovoltaic_system":"no","_used_good":"no","_defective_copy":"no","_wireless_electronic_device":"no","_device_contains_power_supply":"no","_device_charging_supports_usb_pd":"no","_device_charging_watt_min":"0","_device_charging_watt_max":"0","_is_food":"no","_differential_taxation":"no","_gzd_version":"3.20.1","_hs_code":"","_customs_description":"","_manufacture_country":"0","_is_non_returnable":"no","_shipping_length":"","_shipping_width":"","_shipping_height":"","_sku":"ISBN 978-3-86442-043-6","_global_unique_id":"978-3-86442-043-6","_regular_price":null,"total_sales":"4","_tax_status":"taxable","_tax_class":"","_manage_stock":"no","_backorders":"no","_sold_individually":"no","_weight":"1","_virtual":"no","_downloadable":"no","_download_limit":"-1","_download_expiry":"-1","_stock":"","_stock_status":"outofstock","_wc_average_rating":"0","_wc_review_count":"0","_product_version":"10.1.0","_price":"","shopengine_product_views_count":"2985","_thumbnail_id":"5181","_product_attributes":{"erscheinungsdatum":{"name":"Date de publication","value":"22.03.2013","position":0,"is_visible":1,"is_variation":0,"is_taxonomy":0,"checkout_visible":0}},"_nutrient_ids":[],"_upsell_ids":null,"pswc_subtitle":null,"_default_delivery_time":"","_wp_desired_post_slug":null,"_isbn":null,"pageType":null,"isExternalUrl":null,"pageId":null,"externalUrl":null,"hideCookieBanner":null,"isTargetBlank":null,"isProviderCurrentWebsite":null,"isEmbeddingOnlyExternalResources":null,"legalBasis":null,"dataProcessingInCountries":null,"dataProcessingInCountriesSpecialTreatments":null,"technicalDefinitions":null,"googleConsentModeConsentTypes":null,"executePriority":null,"executeCodeOptInWhenNoTagManagerConsentIsGiven":null,"executeCodeOptOutWhenNoTagManagerConsentIsGiven":null,"deleteTechnicalDefinitionsAfterOptOut":null,"presetId":null,"presetVersion":null,"provider":null,"providerContactPhone":null,"providerContactEmail":null,"providerContactLink":null,"uniqueName":null,"providerPrivacyPolicyUrl":null,"providerLegalNoticeUrl":null,"codeOptIn":null,"codeOptOut":null,"codeOnPageLoad":null,"language_code":null,"shopengine_template__post_meta__type":null,"shopengine_template__post_meta":null,"shopengine_template__post_meta__edit_with":null,"origin":null,"_enabled":null,"_filters":null,"_layout":null,"_elementor_import_session_id":null,"_wp_trash_meta_status":null,"_wp_trash_meta_time":null,"_edit_lock":"1759501400:1","_elementor_floating_elements_type":null,"_elementor_edit_mode":null,"_elementor_template_type":null,"tc-thumb-fld":{"_thumb_id":5181,"_thumb_type":"thumb"},"_wp_page_template":"default","_elementor_version":null,"_elementor_pro_version":null,"_elementor_page_settings":null,"_elementor_data":null,"_elementor_conditions":null,"_elementor_popup_display_settings":null,"_edit_last":"1","_elementor_template_sub_type":null,"_elementor_controls_usage":null,"_elementor_screenshot":null,"_elementor_css":null,"_elementor_page_assets":[],"_elementor_element_cache":null,"_elementor_screenshot_failed":null,"_elementor_source":null,"_wp_old_date":null,"layout_key":"","post_slider_check_key":"0","_links":{"self":[{"href":"https:\/\/snoeck.de\/fr\/wp-json\/wp\/v2\/product\/3766","targetHints":{"allow":["GET"]}}],"collection":[{"href":"https:\/\/snoeck.de\/fr\/wp-json\/wp\/v2\/product"}],"about":[{"href":"https:\/\/snoeck.de\/fr\/wp-json\/wp\/v2\/types\/product"}],"wp:featuredmedia":[{"embeddable":true,"href":"https:\/\/snoeck.de\/fr\/wp-json\/wp\/v2\/media\/5181"}],"wp:attachment":[{"href":"https:\/\/snoeck.de\/fr\/wp-json\/wp\/v2\/media?parent=3766"}],"wp:term":[{"taxonomy":"product_brand","embeddable":true,"href":"https:\/\/snoeck.de\/fr\/wp-json\/wp\/v2\/product_brand?post=3766"},{"taxonomy":"product_cat","embeddable":true,"href":"https:\/\/snoeck.de\/fr\/wp-json\/wp\/v2\/product_cat?post=3766"},{"taxonomy":"product_tag","embeddable":true,"href":"https:\/\/snoeck.de\/fr\/wp-json\/wp\/v2\/product_tag?post=3766"}],"curies":[{"name":"wp","href":"https:\/\/api.w.org\/{rel}","templated":true}]}}